{"id":4884,"date":"2021-06-29T15:24:47","date_gmt":"2021-06-29T15:24:47","guid":{"rendered":"https:\/\/www.casalaganania.es\/plages-mares-et-piscines\/"},"modified":"2025-11-18T10:51:33","modified_gmt":"2025-11-18T10:51:33","slug":"plages-mares-et-piscines","status":"publish","type":"page","link":"https:\/\/www.casalaganania.es\/fr\/plages-mares-et-piscines\/","title":{"rendered":"Plages, mares et piscines"},"content":{"rendered":"\t\t<div data-elementor-type=\"wp-page\" data-elementor-id=\"4884\" class=\"elementor elementor-4884 elementor-2458\" data-elementor-post-type=\"page\">\n\t\t\t\t<div class=\"elementor-element elementor-element-fc53d7c e-con-full e-flex e-con e-parent\" data-id=\"fc53d7c\" data-element_type=\"container\" data-e-type=\"container\" data-settings=\"{&quot;background_background&quot;:&quot;classic&quot;}\">\n\t\t<div class=\"elementor-element elementor-element-d069663 e-con-full e-flex e-con e-child\" data-id=\"d069663\" data-element_type=\"container\" data-e-type=\"container\">\n\t\t\t\t<div class=\"elementor-element elementor-element-42675ed elementor-widget elementor-widget-heading\" data-id=\"42675ed\" data-element_type=\"widget\" data-e-type=\"widget\" data-widget_type=\"heading.default\">\n\t\t\t\t\t<p class=\"elementor-heading-title elementor-size-default\">D\u00c9COUVREZ TENERIFE<\/p>\t\t\t\t<\/div>\n\t\t\t\t<div class=\"elementor-element elementor-element-63a279e elementor-widget elementor-widget-heading\" data-id=\"63a279e\" data-element_type=\"widget\" data-e-type=\"widget\" data-widget_type=\"heading.default\">\n\t\t\t\t\t<h3 class=\"elementor-heading-title elementor-size-default\"><em>Plages, mares naturelles et piscines<\/em> pour profiter de <em>Tenerife<\/em> \u00e0 votre rythme.<\/h3>\t\t\t\t<\/div>\n\t\t\t\t<\/div>\n\t\t<div class=\"elementor-element elementor-element-66a5388 e-con-full e-flex e-con e-child\" data-id=\"66a5388\" data-element_type=\"container\" data-e-type=\"container\" data-settings=\"{&quot;background_background&quot;:&quot;classic&quot;}\">\n\t\t\t\t<div class=\"elementor-element elementor-element-2d5c1e5 elementor-widget elementor-widget-text-editor\" data-id=\"2d5c1e5\" data-element_type=\"widget\" data-e-type=\"widget\" data-widget_type=\"text-editor.default\">\n\t\t\t\t\t\t\t\t\t<p>Tenerife se d\u00e9couvre aussi depuis la mer. Tout au long de l&#8217;\u00eele, les c\u00f4tes combinent des falaises de lave, des sables doux et des mares naturelles o\u00f9 l&#8217;oc\u00e9an se calme. Chaque recoin a son rythme et sa lumi\u00e8re. Depuis La Ga\u00f1an\u00eda, nous vous invitons \u00e0 parcourir l&#8217;\u00eele sans vous presser, \u00e0 vous laisser emporter par ses plages, ses piscines naturelles et ses petits endroits o\u00f9 l&#8217;eau se m\u00e9lange \u00e0 la vie quotidienne.   <\/p>\t\t\t\t\t\t\t\t<\/div>\n\t\t\t\t<\/div>\n\t\t\t\t<\/div>\n\t\t<div class=\"elementor-element elementor-element-d0b7b54 e-con-full e-flex e-con e-parent\" data-id=\"d0b7b54\" data-element_type=\"container\" data-e-type=\"container\">\n\t\t\t\t<div class=\"elementor-element elementor-element-210fb6d elementor-widget__width-initial elementor-widget elementor-widget-heading\" data-id=\"210fb6d\" data-element_type=\"widget\" data-e-type=\"widget\" data-widget_type=\"heading.default\">\n\t\t\t\t\t<h5 class=\"elementor-heading-title elementor-size-default\">Zone Nord<\/h5>\t\t\t\t<\/div>\n\t\t\t\t<\/div>\n\t\t<div class=\"elementor-element elementor-element-f3f5264 e-con-full e-flex e-con e-parent\" data-id=\"f3f5264\" data-element_type=\"container\" data-e-type=\"container\">\n\t\t<div class=\"elementor-element elementor-element-de269bc e-con-full e-flex e-con e-child\" data-id=\"de269bc\" data-element_type=\"container\" data-e-type=\"container\" data-settings=\"{&quot;background_background&quot;:&quot;classic&quot;}\">\n\t\t\t\t<div class=\"elementor-element elementor-element-c2ac95a imagen-ajustada elementor-widget elementor-widget-image\" data-id=\"c2ac95a\" data-element_type=\"widget\" data-e-type=\"widget\" data-widget_type=\"image.default\">\n\t\t\t\t\t\t\t\t\t\t\t\t\t\t\t<img fetchpriority=\"high\" decoding=\"async\" width=\"800\" height=\"450\" src=\"https:\/\/www.casalaganania.es\/wp\/wp-content\/uploads\/2024\/02\/caleton-garachico-1024x576.jpg\" class=\"attachment-large size-large wp-image-4901\" alt=\"\" srcset=\"https:\/\/www.casalaganania.es\/wp\/wp-content\/uploads\/2024\/02\/caleton-garachico-1024x576.jpg 1024w, https:\/\/www.casalaganania.es\/wp\/wp-content\/uploads\/2024\/02\/caleton-garachico-300x169.jpg 300w, https:\/\/www.casalaganania.es\/wp\/wp-content\/uploads\/2024\/02\/caleton-garachico-768x432.jpg 768w, https:\/\/www.casalaganania.es\/wp\/wp-content\/uploads\/2024\/02\/caleton-garachico.jpg 1200w\" sizes=\"(max-width: 800px) 100vw, 800px\" \/>\t\t\t\t\t\t\t\t\t\t\t\t\t\t\t<\/div>\n\t\t\t\t<div class=\"elementor-element elementor-element-73e62d2 elementor-icon-list--layout-traditional elementor-list-item-link-full_width elementor-widget elementor-widget-icon-list\" data-id=\"73e62d2\" data-element_type=\"widget\" data-e-type=\"widget\" data-widget_type=\"icon-list.default\">\n\t\t\t\t\t\t\t<ul class=\"elementor-icon-list-items\">\n\t\t\t\t\t\t\t<li class=\"elementor-icon-list-item\">\n\t\t\t\t\t\t\t\t\t\t\t<span class=\"elementor-icon-list-icon\">\n\t\t\t\t\t\t\t<svg aria-hidden=\"true\" class=\"e-font-icon-svg e-fas-map-marker-alt\" viewBox=\"0 0 384 512\" xmlns=\"http:\/\/www.w3.org\/2000\/svg\"><path d=\"M172.268 501.67C26.97 291.031 0 269.413 0 192 0 85.961 85.961 0 192 0s192 85.961 192 192c0 77.413-26.97 99.031-172.268 309.67-9.535 13.774-29.93 13.773-39.464 0zM192 272c44.183 0 80-35.817 80-80s-35.817-80-80-80-80 35.817-80 80 35.817 80 80 80z\"><\/path><\/svg>\t\t\t\t\t\t<\/span>\n\t\t\t\t\t\t\t\t\t\t<span class=\"elementor-icon-list-text\">GARACHICO<\/span>\n\t\t\t\t\t\t\t\t\t<\/li>\n\t\t\t\t\t\t<\/ul>\n\t\t\t\t\t\t<\/div>\n\t\t\t\t<div class=\"elementor-element elementor-element-324c8b9 elementor-widget elementor-widget-heading\" data-id=\"324c8b9\" data-element_type=\"widget\" data-e-type=\"widget\" data-widget_type=\"heading.default\">\n\t\t\t\t\t<h5 class=\"elementor-heading-title elementor-size-default\">CALET\u00d3N DE GARACHICO<\/h5>\t\t\t\t<\/div>\n\t\t\t\t<div class=\"elementor-element elementor-element-eb9c9e3 elementor-widget elementor-widget-text-editor\" data-id=\"eb9c9e3\" data-element_type=\"widget\" data-e-type=\"widget\" data-widget_type=\"text-editor.default\">\n\t\t\t\t\t\t\t\t\t<p>Une \u00e9ruption du volcan Trevejo en 1706 a enseveli une grande partie du village de Garachico et a cr\u00e9\u00e9, \u00e0 son arriv\u00e9e \u00e0 la mer, ces mares naturelles.<\/p>\t\t\t\t\t\t\t\t<\/div>\n\t\t\t\t<div class=\"elementor-element elementor-element-44a7bf3 elementor-align-left elementor-tablet-align-left elementor-widget elementor-widget-button\" data-id=\"44a7bf3\" data-element_type=\"widget\" data-e-type=\"widget\" data-widget_type=\"button.default\">\n\t\t\t\t\t\t\t\t\t\t<a class=\"elementor-button elementor-button-link elementor-size-sm\" href=\"https:\/\/www.casalaganania.es\/playas-charcos-piscinas-tenerife\/el-caleton-de-garachico\/\" target=\"_blank\">\n\t\t\t\t\t\t<span class=\"elementor-button-content-wrapper\">\n\t\t\t\t\t\t\t\t\t<span class=\"elementor-button-text\">VOIR<\/span>\n\t\t\t\t\t<\/span>\n\t\t\t\t\t<\/a>\n\t\t\t\t\t\t\t\t<\/div>\n\t\t\t\t<\/div>\n\t\t<div class=\"elementor-element elementor-element-8040338 e-con-full e-flex e-con e-child\" data-id=\"8040338\" data-element_type=\"container\" data-e-type=\"container\" data-settings=\"{&quot;background_background&quot;:&quot;classic&quot;}\">\n\t\t\t\t<div class=\"elementor-element elementor-element-18ea0c9 imagen-ajustada elementor-widget elementor-widget-image\" data-id=\"18ea0c9\" data-element_type=\"widget\" data-e-type=\"widget\" data-widget_type=\"image.default\">\n\t\t\t\t\t\t\t\t\t\t\t\t\t\t\t<img decoding=\"async\" width=\"800\" height=\"450\" src=\"https:\/\/www.casalaganania.es\/wp\/wp-content\/uploads\/2024\/02\/La_Laja_5-1024x576.jpeg\" class=\"attachment-large size-large wp-image-4916\" alt=\"\" srcset=\"https:\/\/www.casalaganania.es\/wp\/wp-content\/uploads\/2024\/02\/La_Laja_5-1024x576.jpeg 1024w, https:\/\/www.casalaganania.es\/wp\/wp-content\/uploads\/2024\/02\/La_Laja_5-300x169.jpeg 300w, https:\/\/www.casalaganania.es\/wp\/wp-content\/uploads\/2024\/02\/La_Laja_5-768x432.jpeg 768w, https:\/\/www.casalaganania.es\/wp\/wp-content\/uploads\/2024\/02\/La_Laja_5-1536x864.jpeg 1536w, https:\/\/www.casalaganania.es\/wp\/wp-content\/uploads\/2024\/02\/La_Laja_5.jpeg 2048w\" sizes=\"(max-width: 800px) 100vw, 800px\" \/>\t\t\t\t\t\t\t\t\t\t\t\t\t\t\t<\/div>\n\t\t\t\t<div class=\"elementor-element elementor-element-c3d35eb elementor-icon-list--layout-traditional elementor-list-item-link-full_width elementor-widget elementor-widget-icon-list\" data-id=\"c3d35eb\" data-element_type=\"widget\" data-e-type=\"widget\" data-widget_type=\"icon-list.default\">\n\t\t\t\t\t\t\t<ul class=\"elementor-icon-list-items\">\n\t\t\t\t\t\t\t<li class=\"elementor-icon-list-item\">\n\t\t\t\t\t\t\t\t\t\t\t<span class=\"elementor-icon-list-icon\">\n\t\t\t\t\t\t\t<svg aria-hidden=\"true\" class=\"e-font-icon-svg e-fas-map-marker-alt\" viewBox=\"0 0 384 512\" xmlns=\"http:\/\/www.w3.org\/2000\/svg\"><path d=\"M172.268 501.67C26.97 291.031 0 269.413 0 192 0 85.961 85.961 0 192 0s192 85.961 192 192c0 77.413-26.97 99.031-172.268 309.67-9.535 13.774-29.93 13.773-39.464 0zM192 272c44.183 0 80-35.817 80-80s-35.817-80-80-80-80 35.817-80 80 35.817 80 80 80z\"><\/path><\/svg>\t\t\t\t\t\t<\/span>\n\t\t\t\t\t\t\t\t\t\t<span class=\"elementor-icon-list-text\">SAN JUAN DE LA RAMBLA<\/span>\n\t\t\t\t\t\t\t\t\t<\/li>\n\t\t\t\t\t\t<\/ul>\n\t\t\t\t\t\t<\/div>\n\t\t\t\t<div class=\"elementor-element elementor-element-023c03b elementor-widget elementor-widget-heading\" data-id=\"023c03b\" data-element_type=\"widget\" data-e-type=\"widget\" data-widget_type=\"heading.default\">\n\t\t\t\t\t<h5 class=\"elementor-heading-title elementor-size-default\">CHARCO DE LA LAJA<\/h5>\t\t\t\t<\/div>\n\t\t\t\t<div class=\"elementor-element elementor-element-9c0190b elementor-widget elementor-widget-text-editor\" data-id=\"9c0190b\" data-element_type=\"widget\" data-e-type=\"widget\" data-widget_type=\"text-editor.default\">\n\t\t\t\t\t\t\t\t\t<p>Ce petit paradis volcanique, cr\u00e9\u00e9 \u00e0 partir des formes capricieuses de la lave, est l&#8217;un des plus beaux endroits de la c\u00f4te de San Juan de la Rambla.<\/p>\t\t\t\t\t\t\t\t<\/div>\n\t\t\t\t<div class=\"elementor-element elementor-element-31fa335 elementor-align-left elementor-tablet-align-left elementor-widget elementor-widget-button\" data-id=\"31fa335\" data-element_type=\"widget\" data-e-type=\"widget\" data-widget_type=\"button.default\">\n\t\t\t\t\t\t\t\t\t\t<a class=\"elementor-button elementor-button-link elementor-size-sm\" href=\"https:\/\/www.webtenerife.com\/que-visitar\/piscinas-naturales\/charco-de-la-laja\/\" target=\"_blank\">\n\t\t\t\t\t\t<span class=\"elementor-button-content-wrapper\">\n\t\t\t\t\t\t\t\t\t<span class=\"elementor-button-text\">VOIR <\/span>\n\t\t\t\t\t<\/span>\n\t\t\t\t\t<\/a>\n\t\t\t\t\t\t\t\t<\/div>\n\t\t\t\t<\/div>\n\t\t<div class=\"elementor-element elementor-element-940b041 e-con-full e-flex e-con e-child\" data-id=\"940b041\" data-element_type=\"container\" data-e-type=\"container\" data-settings=\"{&quot;background_background&quot;:&quot;classic&quot;}\">\n\t\t\t\t<div class=\"elementor-element elementor-element-2350f07 imagen-ajustada elementor-widget elementor-widget-image\" data-id=\"2350f07\" data-element_type=\"widget\" data-e-type=\"widget\" data-widget_type=\"image.default\">\n\t\t\t\t\t\t\t\t\t\t\t\t\t\t\t<img decoding=\"async\" width=\"500\" height=\"280\" src=\"https:\/\/www.casalaganania.es\/wp\/wp-content\/uploads\/2021\/08\/charco-del-viento.jpg\" class=\"attachment-large size-large wp-image-4917\" alt=\"Charco del Viento\" srcset=\"https:\/\/www.casalaganania.es\/wp\/wp-content\/uploads\/2021\/08\/charco-del-viento.jpg 500w, https:\/\/www.casalaganania.es\/wp\/wp-content\/uploads\/2021\/08\/charco-del-viento-300x168.jpg 300w\" sizes=\"(max-width: 500px) 100vw, 500px\" \/>\t\t\t\t\t\t\t\t\t\t\t\t\t\t\t<\/div>\n\t\t\t\t<div class=\"elementor-element elementor-element-4c1dbdf elementor-icon-list--layout-traditional elementor-list-item-link-full_width elementor-widget elementor-widget-icon-list\" data-id=\"4c1dbdf\" data-element_type=\"widget\" data-e-type=\"widget\" data-widget_type=\"icon-list.default\">\n\t\t\t\t\t\t\t<ul class=\"elementor-icon-list-items\">\n\t\t\t\t\t\t\t<li class=\"elementor-icon-list-item\">\n\t\t\t\t\t\t\t\t\t\t\t<span class=\"elementor-icon-list-icon\">\n\t\t\t\t\t\t\t<svg aria-hidden=\"true\" class=\"e-font-icon-svg e-fas-map-marker-alt\" viewBox=\"0 0 384 512\" xmlns=\"http:\/\/www.w3.org\/2000\/svg\"><path d=\"M172.268 501.67C26.97 291.031 0 269.413 0 192 0 85.961 85.961 0 192 0s192 85.961 192 192c0 77.413-26.97 99.031-172.268 309.67-9.535 13.774-29.93 13.773-39.464 0zM192 272c44.183 0 80-35.817 80-80s-35.817-80-80-80-80 35.817-80 80 35.817 80 80 80z\"><\/path><\/svg>\t\t\t\t\t\t<\/span>\n\t\t\t\t\t\t\t\t\t\t<span class=\"elementor-icon-list-text\">LA GUANCHA<\/span>\n\t\t\t\t\t\t\t\t\t<\/li>\n\t\t\t\t\t\t<\/ul>\n\t\t\t\t\t\t<\/div>\n\t\t\t\t<div class=\"elementor-element elementor-element-55b1187 elementor-widget elementor-widget-heading\" data-id=\"55b1187\" data-element_type=\"widget\" data-e-type=\"widget\" data-widget_type=\"heading.default\">\n\t\t\t\t\t<h5 class=\"elementor-heading-title elementor-size-default\">CHARCO DEL VIENTO<\/h5>\t\t\t\t<\/div>\n\t\t\t\t<div class=\"elementor-element elementor-element-0961aa2 elementor-widget elementor-widget-text-editor\" data-id=\"0961aa2\" data-element_type=\"widget\" data-e-type=\"widget\" data-widget_type=\"text-editor.default\">\n\t\t\t\t\t\t\t\t\t<p>C&#8217;est un environnement unique sur l&#8217;\u00eele, cr\u00e9\u00e9 \u00e0 partir des anciennes \u00e9ruptions volcaniques qui ont atteint la mer et se sont refroidies tr\u00e8s rapidement.<\/p>\t\t\t\t\t\t\t\t<\/div>\n\t\t\t\t<div class=\"elementor-element elementor-element-ba1a47c elementor-align-left elementor-tablet-align-left elementor-widget elementor-widget-button\" data-id=\"ba1a47c\" data-element_type=\"widget\" data-e-type=\"widget\" data-widget_type=\"button.default\">\n\t\t\t\t\t\t\t\t\t\t<a class=\"elementor-button elementor-button-link elementor-size-sm\" href=\"https:\/\/www.webtenerife.com\/que-visitar\/piscinas-naturales\/charco-del-viento\/\" target=\"_blank\">\n\t\t\t\t\t\t<span class=\"elementor-button-content-wrapper\">\n\t\t\t\t\t\t\t\t\t<span class=\"elementor-button-text\">VOIR<\/span>\n\t\t\t\t\t<\/span>\n\t\t\t\t\t<\/a>\n\t\t\t\t\t\t\t\t<\/div>\n\t\t\t\t<\/div>\n\t\t<div class=\"elementor-element elementor-element-6feb21e e-con-full e-flex e-con e-child\" data-id=\"6feb21e\" data-element_type=\"container\" data-e-type=\"container\" data-settings=\"{&quot;background_background&quot;:&quot;classic&quot;}\">\n\t\t\t\t<div class=\"elementor-element elementor-element-eee9bea imagen-ajustada elementor-widget elementor-widget-image\" data-id=\"eee9bea\" data-element_type=\"widget\" data-e-type=\"widget\" data-widget_type=\"image.default\">\n\t\t\t\t\t\t\t\t\t\t\t\t\t\t\t<img loading=\"lazy\" decoding=\"async\" width=\"500\" height=\"280\" src=\"https:\/\/www.casalaganania.es\/wp\/wp-content\/uploads\/2021\/08\/complejo-costa-martianez.jpg\" class=\"attachment-large size-large wp-image-4918\" alt=\"Complexe Costa Marti\u00e1nez\" srcset=\"https:\/\/www.casalaganania.es\/wp\/wp-content\/uploads\/2021\/08\/complejo-costa-martianez.jpg 500w, https:\/\/www.casalaganania.es\/wp\/wp-content\/uploads\/2021\/08\/complejo-costa-martianez-300x168.jpg 300w\" sizes=\"(max-width: 500px) 100vw, 500px\" \/>\t\t\t\t\t\t\t\t\t\t\t\t\t\t\t<\/div>\n\t\t\t\t<div class=\"elementor-element elementor-element-9d27dc3 elementor-icon-list--layout-traditional elementor-list-item-link-full_width elementor-widget elementor-widget-icon-list\" data-id=\"9d27dc3\" data-element_type=\"widget\" data-e-type=\"widget\" data-widget_type=\"icon-list.default\">\n\t\t\t\t\t\t\t<ul class=\"elementor-icon-list-items\">\n\t\t\t\t\t\t\t<li class=\"elementor-icon-list-item\">\n\t\t\t\t\t\t\t\t\t\t\t<span class=\"elementor-icon-list-icon\">\n\t\t\t\t\t\t\t<svg aria-hidden=\"true\" class=\"e-font-icon-svg e-fas-map-marker-alt\" viewBox=\"0 0 384 512\" xmlns=\"http:\/\/www.w3.org\/2000\/svg\"><path d=\"M172.268 501.67C26.97 291.031 0 269.413 0 192 0 85.961 85.961 0 192 0s192 85.961 192 192c0 77.413-26.97 99.031-172.268 309.67-9.535 13.774-29.93 13.773-39.464 0zM192 272c44.183 0 80-35.817 80-80s-35.817-80-80-80-80 35.817-80 80 35.817 80 80 80z\"><\/path><\/svg>\t\t\t\t\t\t<\/span>\n\t\t\t\t\t\t\t\t\t\t<span class=\"elementor-icon-list-text\">PUERTO DE LA CRUZ<\/span>\n\t\t\t\t\t\t\t\t\t<\/li>\n\t\t\t\t\t\t<\/ul>\n\t\t\t\t\t\t<\/div>\n\t\t\t\t<div class=\"elementor-element elementor-element-53dbee4 elementor-widget elementor-widget-heading\" data-id=\"53dbee4\" data-element_type=\"widget\" data-e-type=\"widget\" data-widget_type=\"heading.default\">\n\t\t\t\t\t<h5 class=\"elementor-heading-title elementor-size-default\">COMPLEXE COSTA MARTI\u00c1NEZ<\/h5>\t\t\t\t<\/div>\n\t\t\t\t<div class=\"elementor-element elementor-element-99dbdaa elementor-widget elementor-widget-text-editor\" data-id=\"99dbdaa\" data-element_type=\"widget\" data-e-type=\"widget\" data-widget_type=\"text-editor.default\">\n\t\t\t\t\t\t\t\t\t<p>Le complexe municipal de Costa Marti\u00e1nez, fiert\u00e9 de Puerto de la Cruz, est l&#8217;un des exemples les plus admir\u00e9s de transformation d&#8217;un littoral.<\/p>\t\t\t\t\t\t\t\t<\/div>\n\t\t\t\t<div class=\"elementor-element elementor-element-d31c223 elementor-align-left elementor-tablet-align-left elementor-widget elementor-widget-button\" data-id=\"d31c223\" data-element_type=\"widget\" data-e-type=\"widget\" data-widget_type=\"button.default\">\n\t\t\t\t\t\t\t\t\t\t<a class=\"elementor-button elementor-button-link elementor-size-sm\" href=\"https:\/\/www.webtenerife.com\/que-visitar\/piscinas-naturales\/complejo-costa-martianez\/\" target=\"_blank\">\n\t\t\t\t\t\t<span class=\"elementor-button-content-wrapper\">\n\t\t\t\t\t\t\t\t\t<span class=\"elementor-button-text\">VOIR<\/span>\n\t\t\t\t\t<\/span>\n\t\t\t\t\t<\/a>\n\t\t\t\t\t\t\t\t<\/div>\n\t\t\t\t<\/div>\n\t\t\t\t<\/div>\n\t\t<div class=\"elementor-element elementor-element-d70d463 e-con-full e-flex e-con e-parent\" data-id=\"d70d463\" data-element_type=\"container\" data-e-type=\"container\">\n\t\t<div class=\"elementor-element elementor-element-c3c8d79 e-con-full e-flex e-con e-child\" data-id=\"c3c8d79\" data-element_type=\"container\" data-e-type=\"container\" data-settings=\"{&quot;background_background&quot;:&quot;classic&quot;}\">\n\t\t\t\t<div class=\"elementor-element elementor-element-3b98525 imagen-ajustada elementor-widget elementor-widget-image\" data-id=\"3b98525\" data-element_type=\"widget\" data-e-type=\"widget\" data-widget_type=\"image.default\">\n\t\t\t\t\t\t\t\t\t\t\t\t\t\t\t<img loading=\"lazy\" decoding=\"async\" width=\"500\" height=\"280\" src=\"https:\/\/www.casalaganania.es\/wp\/wp-content\/uploads\/2021\/08\/piscina-pris.jpg\" class=\"attachment-large size-large wp-image-4890\" alt=\"Piscina El Pris\" srcset=\"https:\/\/www.casalaganania.es\/wp\/wp-content\/uploads\/2021\/08\/piscina-pris.jpg 500w, https:\/\/www.casalaganania.es\/wp\/wp-content\/uploads\/2021\/08\/piscina-pris-300x168.jpg 300w\" sizes=\"(max-width: 500px) 100vw, 500px\" \/>\t\t\t\t\t\t\t\t\t\t\t\t\t\t\t<\/div>\n\t\t\t\t<div class=\"elementor-element elementor-element-9d5b68c elementor-icon-list--layout-traditional elementor-list-item-link-full_width elementor-widget elementor-widget-icon-list\" data-id=\"9d5b68c\" data-element_type=\"widget\" data-e-type=\"widget\" data-widget_type=\"icon-list.default\">\n\t\t\t\t\t\t\t<ul class=\"elementor-icon-list-items\">\n\t\t\t\t\t\t\t<li class=\"elementor-icon-list-item\">\n\t\t\t\t\t\t\t\t\t\t\t<span class=\"elementor-icon-list-icon\">\n\t\t\t\t\t\t\t<svg aria-hidden=\"true\" class=\"e-font-icon-svg e-fas-map-marker-alt\" viewBox=\"0 0 384 512\" xmlns=\"http:\/\/www.w3.org\/2000\/svg\"><path d=\"M172.268 501.67C26.97 291.031 0 269.413 0 192 0 85.961 85.961 0 192 0s192 85.961 192 192c0 77.413-26.97 99.031-172.268 309.67-9.535 13.774-29.93 13.773-39.464 0zM192 272c44.183 0 80-35.817 80-80s-35.817-80-80-80-80 35.817-80 80 35.817 80 80 80z\"><\/path><\/svg>\t\t\t\t\t\t<\/span>\n\t\t\t\t\t\t\t\t\t\t<span class=\"elementor-icon-list-text\">TACORONTE<\/span>\n\t\t\t\t\t\t\t\t\t<\/li>\n\t\t\t\t\t\t<\/ul>\n\t\t\t\t\t\t<\/div>\n\t\t\t\t<div class=\"elementor-element elementor-element-c83768d elementor-widget elementor-widget-heading\" data-id=\"c83768d\" data-element_type=\"widget\" data-e-type=\"widget\" data-widget_type=\"heading.default\">\n\t\t\t\t\t<h5 class=\"elementor-heading-title elementor-size-default\">piscine naturelle el pris<\/h5>\t\t\t\t<\/div>\n\t\t\t\t<div class=\"elementor-element elementor-element-fbbdb35 elementor-widget elementor-widget-text-editor\" data-id=\"fbbdb35\" data-element_type=\"widget\" data-e-type=\"widget\" data-widget_type=\"text-editor.default\">\n\t\t\t\t\t\t\t\t\t<p>Profiter d&#8217;une baignade dans la piscine naturelle d&#8217;El Pris est une exp\u00e9rience \u00e0 ne pas manquer.<\/p>\t\t\t\t\t\t\t\t<\/div>\n\t\t\t\t<div class=\"elementor-element elementor-element-23ef722 elementor-align-left elementor-tablet-align-left elementor-widget elementor-widget-button\" data-id=\"23ef722\" data-element_type=\"widget\" data-e-type=\"widget\" data-widget_type=\"button.default\">\n\t\t\t\t\t\t\t\t\t\t<a class=\"elementor-button elementor-button-link elementor-size-sm\" href=\"https:\/\/www.webtenerife.com\/que-visitar\/piscinas-naturales\/piscina-natural-pris\/\" target=\"_blank\">\n\t\t\t\t\t\t<span class=\"elementor-button-content-wrapper\">\n\t\t\t\t\t\t\t\t\t<span class=\"elementor-button-text\">VOIR<\/span>\n\t\t\t\t\t<\/span>\n\t\t\t\t\t<\/a>\n\t\t\t\t\t\t\t\t<\/div>\n\t\t\t\t<\/div>\n\t\t<div class=\"elementor-element elementor-element-063dfdb e-con-full e-flex e-con e-child\" data-id=\"063dfdb\" data-element_type=\"container\" data-e-type=\"container\" data-settings=\"{&quot;background_background&quot;:&quot;classic&quot;}\">\n\t\t\t\t<div class=\"elementor-element elementor-element-837f1f4 imagen-ajustada elementor-widget elementor-widget-image\" data-id=\"837f1f4\" data-element_type=\"widget\" data-e-type=\"widget\" data-widget_type=\"image.default\">\n\t\t\t\t\t\t\t\t\t\t\t\t\t\t\t<img loading=\"lazy\" decoding=\"async\" width=\"500\" height=\"280\" src=\"https:\/\/www.casalaganania.es\/wp\/wp-content\/uploads\/2021\/08\/charcos-mesa-del-mar.jpg\" class=\"attachment-large size-large wp-image-4891\" alt=\"Charcos Mesa del Mar\" srcset=\"https:\/\/www.casalaganania.es\/wp\/wp-content\/uploads\/2021\/08\/charcos-mesa-del-mar.jpg 500w, https:\/\/www.casalaganania.es\/wp\/wp-content\/uploads\/2021\/08\/charcos-mesa-del-mar-300x168.jpg 300w\" sizes=\"(max-width: 500px) 100vw, 500px\" \/>\t\t\t\t\t\t\t\t\t\t\t\t\t\t\t<\/div>\n\t\t\t\t<div class=\"elementor-element elementor-element-24130d4 elementor-icon-list--layout-traditional elementor-list-item-link-full_width elementor-widget elementor-widget-icon-list\" data-id=\"24130d4\" data-element_type=\"widget\" data-e-type=\"widget\" data-widget_type=\"icon-list.default\">\n\t\t\t\t\t\t\t<ul class=\"elementor-icon-list-items\">\n\t\t\t\t\t\t\t<li class=\"elementor-icon-list-item\">\n\t\t\t\t\t\t\t\t\t\t\t<span class=\"elementor-icon-list-icon\">\n\t\t\t\t\t\t\t<svg aria-hidden=\"true\" class=\"e-font-icon-svg e-fas-map-marker-alt\" viewBox=\"0 0 384 512\" xmlns=\"http:\/\/www.w3.org\/2000\/svg\"><path d=\"M172.268 501.67C26.97 291.031 0 269.413 0 192 0 85.961 85.961 0 192 0s192 85.961 192 192c0 77.413-26.97 99.031-172.268 309.67-9.535 13.774-29.93 13.773-39.464 0zM192 272c44.183 0 80-35.817 80-80s-35.817-80-80-80-80 35.817-80 80 35.817 80 80 80z\"><\/path><\/svg>\t\t\t\t\t\t<\/span>\n\t\t\t\t\t\t\t\t\t\t<span class=\"elementor-icon-list-text\">TACORONTE<\/span>\n\t\t\t\t\t\t\t\t\t<\/li>\n\t\t\t\t\t\t<\/ul>\n\t\t\t\t\t\t<\/div>\n\t\t\t\t<div class=\"elementor-element elementor-element-3533e32 elementor-widget elementor-widget-heading\" data-id=\"3533e32\" data-element_type=\"widget\" data-e-type=\"widget\" data-widget_type=\"heading.default\">\n\t\t\t\t\t<h5 class=\"elementor-heading-title elementor-size-default\">CHARCOS MESA DEL MAR<\/h5>\t\t\t\t<\/div>\n\t\t\t\t<div class=\"elementor-element elementor-element-e9ecabf elementor-widget elementor-widget-text-editor\" data-id=\"e9ecabf\" data-element_type=\"widget\" data-e-type=\"widget\" data-widget_type=\"text-editor.default\">\n\t\t\t\t\t\t\t\t\t<p>C&#8217;est l&#8217;endroit id\u00e9al pour prendre le soleil et profiter d&#8217;une baignade paisible en eau sal\u00e9e, surtout pendant les mois d&#8217;\u00e9t\u00e9.<\/p>\t\t\t\t\t\t\t\t<\/div>\n\t\t\t\t<div class=\"elementor-element elementor-element-f53bfc5 elementor-align-left elementor-tablet-align-left elementor-widget elementor-widget-button\" data-id=\"f53bfc5\" data-element_type=\"widget\" data-e-type=\"widget\" data-widget_type=\"button.default\">\n\t\t\t\t\t\t\t\t\t\t<a class=\"elementor-button elementor-button-link elementor-size-sm\" href=\"https:\/\/www.webtenerife.com\/que-visitar\/piscinas-naturales\/piscinas-naturales-mesa-mar\/\" target=\"_blank\">\n\t\t\t\t\t\t<span class=\"elementor-button-content-wrapper\">\n\t\t\t\t\t\t\t\t\t<span class=\"elementor-button-text\">VOIR<\/span>\n\t\t\t\t\t<\/span>\n\t\t\t\t\t<\/a>\n\t\t\t\t\t\t\t\t<\/div>\n\t\t\t\t<\/div>\n\t\t<div class=\"elementor-element elementor-element-b10dd96 e-con-full e-flex e-con e-child\" data-id=\"b10dd96\" data-element_type=\"container\" data-e-type=\"container\" data-settings=\"{&quot;background_background&quot;:&quot;classic&quot;}\">\n\t\t\t\t<div class=\"elementor-element elementor-element-56316c7 imagen-ajustada elementor-widget elementor-widget-image\" data-id=\"56316c7\" data-element_type=\"widget\" data-e-type=\"widget\" data-widget_type=\"image.default\">\n\t\t\t\t\t\t\t\t\t\t\t\t\t\t\t<img loading=\"lazy\" decoding=\"async\" width=\"500\" height=\"280\" src=\"https:\/\/www.casalaganania.es\/wp\/wp-content\/uploads\/2021\/08\/playa-el-socorro.jpg\" class=\"attachment-full size-full wp-image-4898\" alt=\"Playa de El Socorro\" srcset=\"https:\/\/www.casalaganania.es\/wp\/wp-content\/uploads\/2021\/08\/playa-el-socorro.jpg 500w, https:\/\/www.casalaganania.es\/wp\/wp-content\/uploads\/2021\/08\/playa-el-socorro-300x168.jpg 300w\" sizes=\"(max-width: 500px) 100vw, 500px\" \/>\t\t\t\t\t\t\t\t\t\t\t\t\t\t\t<\/div>\n\t\t\t\t<div class=\"elementor-element elementor-element-4980755 elementor-icon-list--layout-traditional elementor-list-item-link-full_width elementor-widget elementor-widget-icon-list\" data-id=\"4980755\" data-element_type=\"widget\" data-e-type=\"widget\" data-widget_type=\"icon-list.default\">\n\t\t\t\t\t\t\t<ul class=\"elementor-icon-list-items\">\n\t\t\t\t\t\t\t<li class=\"elementor-icon-list-item\">\n\t\t\t\t\t\t\t\t\t\t\t<span class=\"elementor-icon-list-icon\">\n\t\t\t\t\t\t\t<svg aria-hidden=\"true\" class=\"e-font-icon-svg e-fas-map-marker-alt\" viewBox=\"0 0 384 512\" xmlns=\"http:\/\/www.w3.org\/2000\/svg\"><path d=\"M172.268 501.67C26.97 291.031 0 269.413 0 192 0 85.961 85.961 0 192 0s192 85.961 192 192c0 77.413-26.97 99.031-172.268 309.67-9.535 13.774-29.93 13.773-39.464 0zM192 272c44.183 0 80-35.817 80-80s-35.817-80-80-80-80 35.817-80 80 35.817 80 80 80z\"><\/path><\/svg>\t\t\t\t\t\t<\/span>\n\t\t\t\t\t\t\t\t\t\t<span class=\"elementor-icon-list-text\">LOS REALEJOS<\/span>\n\t\t\t\t\t\t\t\t\t<\/li>\n\t\t\t\t\t\t<\/ul>\n\t\t\t\t\t\t<\/div>\n\t\t\t\t<div class=\"elementor-element elementor-element-1987580 elementor-widget elementor-widget-heading\" data-id=\"1987580\" data-element_type=\"widget\" data-e-type=\"widget\" data-widget_type=\"heading.default\">\n\t\t\t\t\t<h5 class=\"elementor-heading-title elementor-size-default\">PLAYA DEL SOCORRO<\/h5>\t\t\t\t<\/div>\n\t\t\t\t<div class=\"elementor-element elementor-element-7370064 elementor-widget elementor-widget-text-editor\" data-id=\"7370064\" data-element_type=\"widget\" data-e-type=\"widget\" data-widget_type=\"text-editor.default\">\n\t\t\t\t\t\t\t\t\t<p>Si vous pratiquez le surf, cette plage sera l&#8217;une de vos favorites. Mais si vous pr\u00e9f\u00e9rez le farniente et le contact avec la nature, elle vous surprendra \u00e9galement. <\/p>\t\t\t\t\t\t\t\t<\/div>\n\t\t\t\t<div class=\"elementor-element elementor-element-d8366d6 elementor-align-left elementor-tablet-align-left elementor-widget elementor-widget-button\" data-id=\"d8366d6\" data-element_type=\"widget\" data-e-type=\"widget\" data-widget_type=\"button.default\">\n\t\t\t\t\t\t\t\t\t\t<a class=\"elementor-button elementor-button-link elementor-size-sm\" href=\"https:\/\/www.webtenerife.com\/que-visitar\/playas\/el-socorro\/\" target=\"_blank\">\n\t\t\t\t\t\t<span class=\"elementor-button-content-wrapper\">\n\t\t\t\t\t\t\t\t\t<span class=\"elementor-button-text\">VOIR<\/span>\n\t\t\t\t\t<\/span>\n\t\t\t\t\t<\/a>\n\t\t\t\t\t\t\t\t<\/div>\n\t\t\t\t<\/div>\n\t\t<div class=\"elementor-element elementor-element-44c0dbd e-con-full e-flex e-con e-child\" data-id=\"44c0dbd\" data-element_type=\"container\" data-e-type=\"container\" data-settings=\"{&quot;background_background&quot;:&quot;classic&quot;}\">\n\t\t\t\t<div class=\"elementor-element elementor-element-c199f4b imagen-ajustada elementor-widget elementor-widget-image\" data-id=\"c199f4b\" data-element_type=\"widget\" data-e-type=\"widget\" data-widget_type=\"image.default\">\n\t\t\t\t\t\t\t\t\t\t\t\t\t\t\t<img loading=\"lazy\" decoding=\"async\" width=\"500\" height=\"280\" src=\"https:\/\/www.casalaganania.es\/wp\/wp-content\/uploads\/2021\/08\/playa-jardin.jpg\" class=\"attachment-large size-large wp-image-4899\" alt=\"Playa Jard\u00edn\" srcset=\"https:\/\/www.casalaganania.es\/wp\/wp-content\/uploads\/2021\/08\/playa-jardin.jpg 500w, https:\/\/www.casalaganania.es\/wp\/wp-content\/uploads\/2021\/08\/playa-jardin-300x168.jpg 300w\" sizes=\"(max-width: 500px) 100vw, 500px\" \/>\t\t\t\t\t\t\t\t\t\t\t\t\t\t\t<\/div>\n\t\t\t\t<div class=\"elementor-element elementor-element-93a8042 elementor-icon-list--layout-traditional elementor-list-item-link-full_width elementor-widget elementor-widget-icon-list\" data-id=\"93a8042\" data-element_type=\"widget\" data-e-type=\"widget\" data-widget_type=\"icon-list.default\">\n\t\t\t\t\t\t\t<ul class=\"elementor-icon-list-items\">\n\t\t\t\t\t\t\t<li class=\"elementor-icon-list-item\">\n\t\t\t\t\t\t\t\t\t\t\t<span class=\"elementor-icon-list-icon\">\n\t\t\t\t\t\t\t<svg aria-hidden=\"true\" class=\"e-font-icon-svg e-fas-map-marker-alt\" viewBox=\"0 0 384 512\" xmlns=\"http:\/\/www.w3.org\/2000\/svg\"><path d=\"M172.268 501.67C26.97 291.031 0 269.413 0 192 0 85.961 85.961 0 192 0s192 85.961 192 192c0 77.413-26.97 99.031-172.268 309.67-9.535 13.774-29.93 13.773-39.464 0zM192 272c44.183 0 80-35.817 80-80s-35.817-80-80-80-80 35.817-80 80 35.817 80 80 80z\"><\/path><\/svg>\t\t\t\t\t\t<\/span>\n\t\t\t\t\t\t\t\t\t\t<span class=\"elementor-icon-list-text\">PUERTO DE LA CRUZ<\/span>\n\t\t\t\t\t\t\t\t\t<\/li>\n\t\t\t\t\t\t<\/ul>\n\t\t\t\t\t\t<\/div>\n\t\t\t\t<div class=\"elementor-element elementor-element-7d4f165 elementor-widget elementor-widget-heading\" data-id=\"7d4f165\" data-element_type=\"widget\" data-e-type=\"widget\" data-widget_type=\"heading.default\">\n\t\t\t\t\t<h5 class=\"elementor-heading-title elementor-size-default\">PLAYA JARD\u00cdN<\/h5>\t\t\t\t<\/div>\n\t\t\t\t<div class=\"elementor-element elementor-element-eba4660 elementor-widget elementor-widget-text-editor\" data-id=\"eba4660\" data-element_type=\"widget\" data-e-type=\"widget\" data-widget_type=\"text-editor.default\">\n\t\t\t\t\t\t\t\t\t<p>Des plages qui s&#8217;int\u00e8grent dans un bel environnement avec de nombreux jardins d&#8217;esp\u00e8ces v\u00e9g\u00e9tales end\u00e9miques, des cascades d&#8217;eau et des grottes de pierre.<\/p>\t\t\t\t\t\t\t\t<\/div>\n\t\t\t\t<div class=\"elementor-element elementor-element-6a7abdf elementor-align-left elementor-tablet-align-left elementor-widget elementor-widget-button\" data-id=\"6a7abdf\" data-element_type=\"widget\" data-e-type=\"widget\" data-widget_type=\"button.default\">\n\t\t\t\t\t\t\t\t\t\t<a class=\"elementor-button elementor-button-link elementor-size-sm\" href=\"https:\/\/www.webtenerife.com\/que-visitar\/playas\/complejo-playa-jardin\/\" target=\"_blank\">\n\t\t\t\t\t\t<span class=\"elementor-button-content-wrapper\">\n\t\t\t\t\t\t\t\t\t<span class=\"elementor-button-text\">VOIR<\/span>\n\t\t\t\t\t<\/span>\n\t\t\t\t\t<\/a>\n\t\t\t\t\t\t\t\t<\/div>\n\t\t\t\t<\/div>\n\t\t\t\t<\/div>\n\t\t<div class=\"elementor-element elementor-element-2422881 e-con-full e-flex e-con e-parent\" data-id=\"2422881\" data-element_type=\"container\" data-e-type=\"container\">\n\t\t\t\t<div class=\"elementor-element elementor-element-287dae6 elementor-widget__width-initial elementor-widget elementor-widget-heading\" data-id=\"287dae6\" data-element_type=\"widget\" data-e-type=\"widget\" data-widget_type=\"heading.default\">\n\t\t\t\t\t<h5 class=\"elementor-heading-title elementor-size-default\">Zone SANTA CRUZ - LAGUNA<\/h5>\t\t\t\t<\/div>\n\t\t\t\t<\/div>\n\t\t<div class=\"elementor-element elementor-element-4bdac42 e-con-full e-flex e-con e-parent\" data-id=\"4bdac42\" data-element_type=\"container\" data-e-type=\"container\">\n\t\t<div class=\"elementor-element elementor-element-65a87fa e-con-full e-flex e-con e-child\" data-id=\"65a87fa\" data-element_type=\"container\" data-e-type=\"container\" data-settings=\"{&quot;background_background&quot;:&quot;classic&quot;}\">\n\t\t\t\t<div class=\"elementor-element elementor-element-b8a5cf2 imagen-ajustada elementor-widget elementor-widget-image\" data-id=\"b8a5cf2\" data-element_type=\"widget\" data-e-type=\"widget\" data-widget_type=\"image.default\">\n\t\t\t\t\t\t\t\t\t\t\t\t\t\t\t<img loading=\"lazy\" decoding=\"async\" width=\"500\" height=\"280\" src=\"https:\/\/www.casalaganania.es\/wp\/wp-content\/uploads\/2021\/08\/bajamar.jpg\" class=\"attachment-large size-large wp-image-4892\" alt=\"Bajamar\" srcset=\"https:\/\/www.casalaganania.es\/wp\/wp-content\/uploads\/2021\/08\/bajamar.jpg 500w, https:\/\/www.casalaganania.es\/wp\/wp-content\/uploads\/2021\/08\/bajamar-300x168.jpg 300w\" sizes=\"(max-width: 500px) 100vw, 500px\" \/>\t\t\t\t\t\t\t\t\t\t\t\t\t\t\t<\/div>\n\t\t\t\t<div class=\"elementor-element elementor-element-8af9fea elementor-icon-list--layout-traditional elementor-list-item-link-full_width elementor-widget elementor-widget-icon-list\" data-id=\"8af9fea\" data-element_type=\"widget\" data-e-type=\"widget\" data-widget_type=\"icon-list.default\">\n\t\t\t\t\t\t\t<ul class=\"elementor-icon-list-items\">\n\t\t\t\t\t\t\t<li class=\"elementor-icon-list-item\">\n\t\t\t\t\t\t\t\t\t\t\t<span class=\"elementor-icon-list-icon\">\n\t\t\t\t\t\t\t<svg aria-hidden=\"true\" class=\"e-font-icon-svg e-fas-map-marker-alt\" viewBox=\"0 0 384 512\" xmlns=\"http:\/\/www.w3.org\/2000\/svg\"><path d=\"M172.268 501.67C26.97 291.031 0 269.413 0 192 0 85.961 85.961 0 192 0s192 85.961 192 192c0 77.413-26.97 99.031-172.268 309.67-9.535 13.774-29.93 13.773-39.464 0zM192 272c44.183 0 80-35.817 80-80s-35.817-80-80-80-80 35.817-80 80 35.817 80 80 80z\"><\/path><\/svg>\t\t\t\t\t\t<\/span>\n\t\t\t\t\t\t\t\t\t\t<span class=\"elementor-icon-list-text\">LA LAGUNA<\/span>\n\t\t\t\t\t\t\t\t\t<\/li>\n\t\t\t\t\t\t<\/ul>\n\t\t\t\t\t\t<\/div>\n\t\t\t\t<div class=\"elementor-element elementor-element-c16177e elementor-widget elementor-widget-heading\" data-id=\"c16177e\" data-element_type=\"widget\" data-e-type=\"widget\" data-widget_type=\"heading.default\">\n\t\t\t\t\t<h5 class=\"elementor-heading-title elementor-size-default\">PISCINAS DE BAJAMAR<\/h5>\t\t\t\t<\/div>\n\t\t\t\t<div class=\"elementor-element elementor-element-2d0250c elementor-widget elementor-widget-text-editor\" data-id=\"2d0250c\" data-element_type=\"widget\" data-e-type=\"widget\" data-widget_type=\"text-editor.default\">\n\t\t\t\t\t\t\t\t\t<p>Si vous cherchez un endroit avec un magn\u00e9tisme particulier qui vous captive d\u00e8s le premier instant, votre destination est Bajamar, avec ses piscines naturelles bien \u00e9quip\u00e9es.<\/p>\t\t\t\t\t\t\t\t<\/div>\n\t\t\t\t<div class=\"elementor-element elementor-element-d4977c7 elementor-align-left elementor-tablet-align-left elementor-widget elementor-widget-button\" data-id=\"d4977c7\" data-element_type=\"widget\" data-e-type=\"widget\" data-widget_type=\"button.default\">\n\t\t\t\t\t\t\t\t\t\t<a class=\"elementor-button elementor-button-link elementor-size-sm\" href=\"https:\/\/www.webtenerife.com\/que-visitar\/piscinas-naturales\/bajamar\/\" target=\"_blank\">\n\t\t\t\t\t\t<span class=\"elementor-button-content-wrapper\">\n\t\t\t\t\t\t\t\t\t<span class=\"elementor-button-text\">VOIR <\/span>\n\t\t\t\t\t<\/span>\n\t\t\t\t\t<\/a>\n\t\t\t\t\t\t\t\t<\/div>\n\t\t\t\t<\/div>\n\t\t<div class=\"elementor-element elementor-element-f95b7e0 e-con-full e-flex e-con e-child\" data-id=\"f95b7e0\" data-element_type=\"container\" data-e-type=\"container\" data-settings=\"{&quot;background_background&quot;:&quot;classic&quot;}\">\n\t\t\t\t<div class=\"elementor-element elementor-element-0d91924 imagen-ajustada elementor-widget elementor-widget-image\" data-id=\"0d91924\" data-element_type=\"widget\" data-e-type=\"widget\" data-widget_type=\"image.default\">\n\t\t\t\t\t\t\t\t\t\t\t\t\t\t\t<img loading=\"lazy\" decoding=\"async\" width=\"500\" height=\"280\" src=\"https:\/\/www.casalaganania.es\/wp\/wp-content\/uploads\/2021\/08\/parque-maritimo-cesar-manrique.jpg\" class=\"attachment-large size-large wp-image-4893\" alt=\"Parque mar\u00edtimo C\u00e9sar Manrique\" srcset=\"https:\/\/www.casalaganania.es\/wp\/wp-content\/uploads\/2021\/08\/parque-maritimo-cesar-manrique.jpg 500w, https:\/\/www.casalaganania.es\/wp\/wp-content\/uploads\/2021\/08\/parque-maritimo-cesar-manrique-300x168.jpg 300w\" sizes=\"(max-width: 500px) 100vw, 500px\" \/>\t\t\t\t\t\t\t\t\t\t\t\t\t\t\t<\/div>\n\t\t\t\t<div class=\"elementor-element elementor-element-776e050 elementor-icon-list--layout-traditional elementor-list-item-link-full_width elementor-widget elementor-widget-icon-list\" data-id=\"776e050\" data-element_type=\"widget\" data-e-type=\"widget\" data-widget_type=\"icon-list.default\">\n\t\t\t\t\t\t\t<ul class=\"elementor-icon-list-items\">\n\t\t\t\t\t\t\t<li class=\"elementor-icon-list-item\">\n\t\t\t\t\t\t\t\t\t\t\t<span class=\"elementor-icon-list-icon\">\n\t\t\t\t\t\t\t<svg aria-hidden=\"true\" class=\"e-font-icon-svg e-fas-map-marker-alt\" viewBox=\"0 0 384 512\" xmlns=\"http:\/\/www.w3.org\/2000\/svg\"><path d=\"M172.268 501.67C26.97 291.031 0 269.413 0 192 0 85.961 85.961 0 192 0s192 85.961 192 192c0 77.413-26.97 99.031-172.268 309.67-9.535 13.774-29.93 13.773-39.464 0zM192 272c44.183 0 80-35.817 80-80s-35.817-80-80-80-80 35.817-80 80 35.817 80 80 80z\"><\/path><\/svg>\t\t\t\t\t\t<\/span>\n\t\t\t\t\t\t\t\t\t\t<span class=\"elementor-icon-list-text\">SANTA CRUZ DE TENERIFE<\/span>\n\t\t\t\t\t\t\t\t\t<\/li>\n\t\t\t\t\t\t<\/ul>\n\t\t\t\t\t\t<\/div>\n\t\t\t\t<div class=\"elementor-element elementor-element-638b363 elementor-widget elementor-widget-heading\" data-id=\"638b363\" data-element_type=\"widget\" data-e-type=\"widget\" data-widget_type=\"heading.default\">\n\t\t\t\t\t<h5 class=\"elementor-heading-title elementor-size-default\">PARQUE MAR\u00cdTIMO C\u00c9SAR MANRIQUE<\/h5>\t\t\t\t<\/div>\n\t\t\t\t<div class=\"elementor-element elementor-element-b841475 elementor-widget elementor-widget-text-editor\" data-id=\"b841475\" data-element_type=\"widget\" data-e-type=\"widget\" data-widget_type=\"text-editor.default\">\n\t\t\t\t\t\t\t\t\t<p>Complexe de loisirs de 22 000 m\u00e8tres carr\u00e9s, \u0153uvre du c\u00e9l\u00e8bre architecte C\u00e9sar Manrique, dans lequel prime le respect de l&#8217;environnement et de la nature.<\/p>\t\t\t\t\t\t\t\t<\/div>\n\t\t\t\t<div class=\"elementor-element elementor-element-e1387e7 elementor-align-left elementor-tablet-align-left elementor-widget elementor-widget-button\" data-id=\"e1387e7\" data-element_type=\"widget\" data-e-type=\"widget\" data-widget_type=\"button.default\">\n\t\t\t\t\t\t\t\t\t\t<a class=\"elementor-button elementor-button-link elementor-size-sm\" href=\"https:\/\/www.webtenerife.com\/que-visitar\/piscinas-naturales\/parque-maritimo-cesar-manrique\/\" target=\"_blank\">\n\t\t\t\t\t\t<span class=\"elementor-button-content-wrapper\">\n\t\t\t\t\t\t\t\t\t<span class=\"elementor-button-text\">VOIR<\/span>\n\t\t\t\t\t<\/span>\n\t\t\t\t\t<\/a>\n\t\t\t\t\t\t\t\t<\/div>\n\t\t\t\t<\/div>\n\t\t<div class=\"elementor-element elementor-element-0eebaca e-con-full e-flex e-con e-child\" data-id=\"0eebaca\" data-element_type=\"container\" data-e-type=\"container\" data-settings=\"{&quot;background_background&quot;:&quot;classic&quot;}\">\n\t\t\t\t<div class=\"elementor-element elementor-element-4146c75 imagen-ajustada elementor-widget elementor-widget-image\" data-id=\"4146c75\" data-element_type=\"widget\" data-e-type=\"widget\" data-widget_type=\"image.default\">\n\t\t\t\t\t\t\t\t\t\t\t\t\t\t\t<img loading=\"lazy\" decoding=\"async\" width=\"500\" height=\"280\" src=\"https:\/\/www.casalaganania.es\/wp\/wp-content\/uploads\/2021\/08\/piscina-punta-del-hidalgo.jpg\" class=\"attachment-full size-full wp-image-4894\" alt=\"Piscina Punta del Hidalgo\" srcset=\"https:\/\/www.casalaganania.es\/wp\/wp-content\/uploads\/2021\/08\/piscina-punta-del-hidalgo.jpg 500w, https:\/\/www.casalaganania.es\/wp\/wp-content\/uploads\/2021\/08\/piscina-punta-del-hidalgo-300x168.jpg 300w\" sizes=\"(max-width: 500px) 100vw, 500px\" \/>\t\t\t\t\t\t\t\t\t\t\t\t\t\t\t<\/div>\n\t\t\t\t<div class=\"elementor-element elementor-element-0a67028 elementor-icon-list--layout-traditional elementor-list-item-link-full_width elementor-widget elementor-widget-icon-list\" data-id=\"0a67028\" data-element_type=\"widget\" data-e-type=\"widget\" data-widget_type=\"icon-list.default\">\n\t\t\t\t\t\t\t<ul class=\"elementor-icon-list-items\">\n\t\t\t\t\t\t\t<li class=\"elementor-icon-list-item\">\n\t\t\t\t\t\t\t\t\t\t\t<span class=\"elementor-icon-list-icon\">\n\t\t\t\t\t\t\t<svg aria-hidden=\"true\" class=\"e-font-icon-svg e-fas-map-marker-alt\" viewBox=\"0 0 384 512\" xmlns=\"http:\/\/www.w3.org\/2000\/svg\"><path d=\"M172.268 501.67C26.97 291.031 0 269.413 0 192 0 85.961 85.961 0 192 0s192 85.961 192 192c0 77.413-26.97 99.031-172.268 309.67-9.535 13.774-29.93 13.773-39.464 0zM192 272c44.183 0 80-35.817 80-80s-35.817-80-80-80-80 35.817-80 80 35.817 80 80 80z\"><\/path><\/svg>\t\t\t\t\t\t<\/span>\n\t\t\t\t\t\t\t\t\t\t<span class=\"elementor-icon-list-text\">LA LAGUNA<\/span>\n\t\t\t\t\t\t\t\t\t<\/li>\n\t\t\t\t\t\t<\/ul>\n\t\t\t\t\t\t<\/div>\n\t\t\t\t<div class=\"elementor-element elementor-element-b273fdf elementor-widget elementor-widget-heading\" data-id=\"b273fdf\" data-element_type=\"widget\" data-e-type=\"widget\" data-widget_type=\"heading.default\">\n\t\t\t\t\t<h5 class=\"elementor-heading-title elementor-size-default\">PISCINA PUNTA DEL HIDALGO<\/h5>\t\t\t\t<\/div>\n\t\t\t\t<div class=\"elementor-element elementor-element-b3f1581 elementor-widget elementor-widget-text-editor\" data-id=\"b3f1581\" data-element_type=\"widget\" data-e-type=\"widget\" data-widget_type=\"text-editor.default\">\n\t\t\t\t\t\t\t\t\t<p>L&#8217;un des lieux les plus visit\u00e9s et caract\u00e9ristiques de la c\u00f4te de San Crist\u00f3bal de La Laguna, avec des piscines naturelles arborant le label Pavillon Bleu.<\/p>\t\t\t\t\t\t\t\t<\/div>\n\t\t\t\t<div class=\"elementor-element elementor-element-639faac elementor-align-left elementor-tablet-align-left elementor-widget elementor-widget-button\" data-id=\"639faac\" data-element_type=\"widget\" data-e-type=\"widget\" data-widget_type=\"button.default\">\n\t\t\t\t\t\t\t\t\t\t<a class=\"elementor-button elementor-button-link elementor-size-sm\" href=\"https:\/\/www.webtenerife.com\/que-visitar\/piscinas-naturales\/punta-del-hidalgo\/\" target=\"_blank\">\n\t\t\t\t\t\t<span class=\"elementor-button-content-wrapper\">\n\t\t\t\t\t\t\t\t\t<span class=\"elementor-button-text\">VOIR<\/span>\n\t\t\t\t\t<\/span>\n\t\t\t\t\t<\/a>\n\t\t\t\t\t\t\t\t<\/div>\n\t\t\t\t<\/div>\n\t\t<div class=\"elementor-element elementor-element-cb09a43 e-con-full e-flex e-con e-child\" data-id=\"cb09a43\" data-element_type=\"container\" data-e-type=\"container\" data-settings=\"{&quot;background_background&quot;:&quot;classic&quot;}\">\n\t\t\t\t<div class=\"elementor-element elementor-element-4e29fdc imagen-ajustada elementor-widget elementor-widget-image\" data-id=\"4e29fdc\" data-element_type=\"widget\" data-e-type=\"widget\" data-widget_type=\"image.default\">\n\t\t\t\t\t\t\t\t\t\t\t\t\t\t\t<img loading=\"lazy\" decoding=\"async\" width=\"500\" height=\"280\" src=\"https:\/\/www.casalaganania.es\/wp\/wp-content\/uploads\/2021\/08\/playa-de-almaciga.jpg\" class=\"attachment-large size-large wp-image-4895\" alt=\"Playa de Alm\u00e1ciga\" srcset=\"https:\/\/www.casalaganania.es\/wp\/wp-content\/uploads\/2021\/08\/playa-de-almaciga.jpg 500w, https:\/\/www.casalaganania.es\/wp\/wp-content\/uploads\/2021\/08\/playa-de-almaciga-300x168.jpg 300w\" sizes=\"(max-width: 500px) 100vw, 500px\" \/>\t\t\t\t\t\t\t\t\t\t\t\t\t\t\t<\/div>\n\t\t\t\t<div class=\"elementor-element elementor-element-254a234 elementor-icon-list--layout-traditional elementor-list-item-link-full_width elementor-widget elementor-widget-icon-list\" data-id=\"254a234\" data-element_type=\"widget\" data-e-type=\"widget\" data-widget_type=\"icon-list.default\">\n\t\t\t\t\t\t\t<ul class=\"elementor-icon-list-items\">\n\t\t\t\t\t\t\t<li class=\"elementor-icon-list-item\">\n\t\t\t\t\t\t\t\t\t\t\t<span class=\"elementor-icon-list-icon\">\n\t\t\t\t\t\t\t<svg aria-hidden=\"true\" class=\"e-font-icon-svg e-fas-map-marker-alt\" viewBox=\"0 0 384 512\" xmlns=\"http:\/\/www.w3.org\/2000\/svg\"><path d=\"M172.268 501.67C26.97 291.031 0 269.413 0 192 0 85.961 85.961 0 192 0s192 85.961 192 192c0 77.413-26.97 99.031-172.268 309.67-9.535 13.774-29.93 13.773-39.464 0zM192 272c44.183 0 80-35.817 80-80s-35.817-80-80-80-80 35.817-80 80 35.817 80 80 80z\"><\/path><\/svg>\t\t\t\t\t\t<\/span>\n\t\t\t\t\t\t\t\t\t\t<span class=\"elementor-icon-list-text\">TAGANANA | SANTA CRUZ DE TENERIFE  <\/span>\n\t\t\t\t\t\t\t\t\t<\/li>\n\t\t\t\t\t\t<\/ul>\n\t\t\t\t\t\t<\/div>\n\t\t\t\t<div class=\"elementor-element elementor-element-db2e7d6 elementor-widget elementor-widget-heading\" data-id=\"db2e7d6\" data-element_type=\"widget\" data-e-type=\"widget\" data-widget_type=\"heading.default\">\n\t\t\t\t\t<h5 class=\"elementor-heading-title elementor-size-default\">PLAYA DE LA ALM\u00c1CIGA<\/h5>\t\t\t\t<\/div>\n\t\t\t\t<div class=\"elementor-element elementor-element-1e1749c elementor-widget elementor-widget-text-editor\" data-id=\"1e1749c\" data-element_type=\"widget\" data-e-type=\"widget\" data-widget_type=\"text-editor.default\">\n\t\t\t\t\t\t\t\t\t<p>Des plages qui s&#8217;int\u00e8grent dans un bel environnement avec de nombreux jardins d&#8217;esp\u00e8ces v\u00e9g\u00e9tales end\u00e9miques, des cascades d&#8217;eau et des grottes de pierre.<\/p>\t\t\t\t\t\t\t\t<\/div>\n\t\t\t\t<div class=\"elementor-element elementor-element-760a0f6 elementor-align-left elementor-tablet-align-left elementor-widget elementor-widget-button\" data-id=\"760a0f6\" data-element_type=\"widget\" data-e-type=\"widget\" data-widget_type=\"button.default\">\n\t\t\t\t\t\t\t\t\t\t<a class=\"elementor-button elementor-button-link elementor-size-sm\" href=\"https:\/\/www.webtenerife.com\/que-visitar\/playas\/playa-almaciga\/\" target=\"_blank\">\n\t\t\t\t\t\t<span class=\"elementor-button-content-wrapper\">\n\t\t\t\t\t\t\t\t\t<span class=\"elementor-button-text\">VOIR<\/span>\n\t\t\t\t\t<\/span>\n\t\t\t\t\t<\/a>\n\t\t\t\t\t\t\t\t<\/div>\n\t\t\t\t<\/div>\n\t\t\t\t<\/div>\n\t\t<div class=\"elementor-element elementor-element-8175a87 e-con-full e-flex e-con e-parent\" data-id=\"8175a87\" data-element_type=\"container\" data-e-type=\"container\">\n\t\t<div class=\"elementor-element elementor-element-b9f1319 e-con-full e-flex e-con e-child\" data-id=\"b9f1319\" data-element_type=\"container\" data-e-type=\"container\" data-settings=\"{&quot;background_background&quot;:&quot;classic&quot;}\">\n\t\t\t\t<div class=\"elementor-element elementor-element-0b839e6 imagen-ajustada elementor-widget elementor-widget-image\" data-id=\"0b839e6\" data-element_type=\"widget\" data-e-type=\"widget\" data-widget_type=\"image.default\">\n\t\t\t\t\t\t\t\t\t\t\t\t\t\t\t<img loading=\"lazy\" decoding=\"async\" width=\"500\" height=\"280\" src=\"https:\/\/www.casalaganania.es\/wp\/wp-content\/uploads\/2021\/08\/playa-de-benijo.jpg\" class=\"attachment-large size-large wp-image-4896\" alt=\"Playa de Benijo\" srcset=\"https:\/\/www.casalaganania.es\/wp\/wp-content\/uploads\/2021\/08\/playa-de-benijo.jpg 500w, https:\/\/www.casalaganania.es\/wp\/wp-content\/uploads\/2021\/08\/playa-de-benijo-300x168.jpg 300w\" sizes=\"(max-width: 500px) 100vw, 500px\" \/>\t\t\t\t\t\t\t\t\t\t\t\t\t\t\t<\/div>\n\t\t\t\t<div class=\"elementor-element elementor-element-c31bbae elementor-icon-list--layout-traditional elementor-list-item-link-full_width elementor-widget elementor-widget-icon-list\" data-id=\"c31bbae\" data-element_type=\"widget\" data-e-type=\"widget\" data-widget_type=\"icon-list.default\">\n\t\t\t\t\t\t\t<ul class=\"elementor-icon-list-items\">\n\t\t\t\t\t\t\t<li class=\"elementor-icon-list-item\">\n\t\t\t\t\t\t\t\t\t\t\t<span class=\"elementor-icon-list-icon\">\n\t\t\t\t\t\t\t<svg aria-hidden=\"true\" class=\"e-font-icon-svg e-fas-map-marker-alt\" viewBox=\"0 0 384 512\" xmlns=\"http:\/\/www.w3.org\/2000\/svg\"><path d=\"M172.268 501.67C26.97 291.031 0 269.413 0 192 0 85.961 85.961 0 192 0s192 85.961 192 192c0 77.413-26.97 99.031-172.268 309.67-9.535 13.774-29.93 13.773-39.464 0zM192 272c44.183 0 80-35.817 80-80s-35.817-80-80-80-80 35.817-80 80 35.817 80 80 80z\"><\/path><\/svg>\t\t\t\t\t\t<\/span>\n\t\t\t\t\t\t\t\t\t\t<span class=\"elementor-icon-list-text\">TAGANANA | SANTA CRUZ DE TENERIFE  <\/span>\n\t\t\t\t\t\t\t\t\t<\/li>\n\t\t\t\t\t\t<\/ul>\n\t\t\t\t\t\t<\/div>\n\t\t\t\t<div class=\"elementor-element elementor-element-f8a95e6 elementor-widget elementor-widget-heading\" data-id=\"f8a95e6\" data-element_type=\"widget\" data-e-type=\"widget\" data-widget_type=\"heading.default\">\n\t\t\t\t\t<h5 class=\"elementor-heading-title elementor-size-default\">PLAYA DE BENIJOS<\/h5>\t\t\t\t<\/div>\n\t\t\t\t<div class=\"elementor-element elementor-element-8ea7196 elementor-widget elementor-widget-text-editor\" data-id=\"8ea7196\" data-element_type=\"widget\" data-e-type=\"widget\" data-widget_type=\"text-editor.default\">\n\t\t\t\t\t\t\t\t\t<p>La nature \u00e0 l&#8217;\u00e9tat pur. Vous profiterez d&#8217;un paysage unique sur l&#8217;\u00eele avec une vue privil\u00e9gi\u00e9e sur les Roques de Anaga, avec des couchers de soleil magiques. <\/p>\t\t\t\t\t\t\t\t<\/div>\n\t\t\t\t<div class=\"elementor-element elementor-element-67ccaa2 elementor-align-left elementor-tablet-align-left elementor-widget elementor-widget-button\" data-id=\"67ccaa2\" data-element_type=\"widget\" data-e-type=\"widget\" data-widget_type=\"button.default\">\n\t\t\t\t\t\t\t\t\t\t<a class=\"elementor-button elementor-button-link elementor-size-sm\" href=\"https:\/\/www.webtenerife.com\/que-visitar\/playas\/playa-benijo\/\" target=\"_blank\">\n\t\t\t\t\t\t<span class=\"elementor-button-content-wrapper\">\n\t\t\t\t\t\t\t\t\t<span class=\"elementor-button-text\">VOIR <\/span>\n\t\t\t\t\t<\/span>\n\t\t\t\t\t<\/a>\n\t\t\t\t\t\t\t\t<\/div>\n\t\t\t\t<\/div>\n\t\t<div class=\"elementor-element elementor-element-0f115dc e-con-full e-flex e-con e-child\" data-id=\"0f115dc\" data-element_type=\"container\" data-e-type=\"container\" data-settings=\"{&quot;background_background&quot;:&quot;classic&quot;}\">\n\t\t\t\t<div class=\"elementor-element elementor-element-2d91c48 imagen-ajustada elementor-widget elementor-widget-image\" data-id=\"2d91c48\" data-element_type=\"widget\" data-e-type=\"widget\" data-widget_type=\"image.default\">\n\t\t\t\t\t\t\t\t\t\t\t\t\t\t\t<img loading=\"lazy\" decoding=\"async\" width=\"500\" height=\"280\" src=\"https:\/\/www.casalaganania.es\/wp\/wp-content\/uploads\/2021\/08\/playa-de-las-teresitas.jpg\" class=\"attachment-large size-large wp-image-4897\" alt=\"Playa de Las Teresitas\" srcset=\"https:\/\/www.casalaganania.es\/wp\/wp-content\/uploads\/2021\/08\/playa-de-las-teresitas.jpg 500w, https:\/\/www.casalaganania.es\/wp\/wp-content\/uploads\/2021\/08\/playa-de-las-teresitas-300x168.jpg 300w\" sizes=\"(max-width: 500px) 100vw, 500px\" \/>\t\t\t\t\t\t\t\t\t\t\t\t\t\t\t<\/div>\n\t\t\t\t<div class=\"elementor-element elementor-element-d975679 elementor-icon-list--layout-traditional elementor-list-item-link-full_width elementor-widget elementor-widget-icon-list\" data-id=\"d975679\" data-element_type=\"widget\" data-e-type=\"widget\" data-widget_type=\"icon-list.default\">\n\t\t\t\t\t\t\t<ul class=\"elementor-icon-list-items\">\n\t\t\t\t\t\t\t<li class=\"elementor-icon-list-item\">\n\t\t\t\t\t\t\t\t\t\t\t<span class=\"elementor-icon-list-icon\">\n\t\t\t\t\t\t\t<svg aria-hidden=\"true\" class=\"e-font-icon-svg e-fas-map-marker-alt\" viewBox=\"0 0 384 512\" xmlns=\"http:\/\/www.w3.org\/2000\/svg\"><path d=\"M172.268 501.67C26.97 291.031 0 269.413 0 192 0 85.961 85.961 0 192 0s192 85.961 192 192c0 77.413-26.97 99.031-172.268 309.67-9.535 13.774-29.93 13.773-39.464 0zM192 272c44.183 0 80-35.817 80-80s-35.817-80-80-80-80 35.817-80 80 35.817 80 80 80z\"><\/path><\/svg>\t\t\t\t\t\t<\/span>\n\t\t\t\t\t\t\t\t\t\t<span class=\"elementor-icon-list-text\">SANTA CRUZ DE TENERIFE<\/span>\n\t\t\t\t\t\t\t\t\t<\/li>\n\t\t\t\t\t\t<\/ul>\n\t\t\t\t\t\t<\/div>\n\t\t\t\t<div class=\"elementor-element elementor-element-b7014eb elementor-widget elementor-widget-heading\" data-id=\"b7014eb\" data-element_type=\"widget\" data-e-type=\"widget\" data-widget_type=\"heading.default\">\n\t\t\t\t\t<h5 class=\"elementor-heading-title elementor-size-default\">PLAYA DE LAS TERESITAS<\/h5>\t\t\t\t<\/div>\n\t\t\t\t<div class=\"elementor-element elementor-element-373568b elementor-widget elementor-widget-text-editor\" data-id=\"373568b\" data-element_type=\"widget\" data-e-type=\"widget\" data-widget_type=\"text-editor.default\">\n\t\t\t\t\t\t\t\t\t<p>La plage la plus embl\u00e9matique de Santa Cruz de Tenerife. Situ\u00e9e dans le village de San Andr\u00e9s, vous trouverez une plage de sable dor\u00e9 peupl\u00e9e de palmiers. <\/p>\t\t\t\t\t\t\t\t<\/div>\n\t\t\t\t<div class=\"elementor-element elementor-element-3f58b77 elementor-align-left elementor-tablet-align-left elementor-widget elementor-widget-button\" data-id=\"3f58b77\" data-element_type=\"widget\" data-e-type=\"widget\" data-widget_type=\"button.default\">\n\t\t\t\t\t\t\t\t\t\t<a class=\"elementor-button elementor-button-link elementor-size-sm\" href=\"https:\/\/www.webtenerife.com\/que-visitar\/playas\/las-teresitas\/\" target=\"_blank\">\n\t\t\t\t\t\t<span class=\"elementor-button-content-wrapper\">\n\t\t\t\t\t\t\t\t\t<span class=\"elementor-button-text\">VOIR <\/span>\n\t\t\t\t\t<\/span>\n\t\t\t\t\t<\/a>\n\t\t\t\t\t\t\t\t<\/div>\n\t\t\t\t<\/div>\n\t\t\t\t<\/div>\n\t\t\t\t<\/div>\n\t\t","protected":false},"excerpt":{"rendered":"<p>D\u00c9COUVREZ TENERIFE Plages, mares naturelles et piscines pour profiter de Tenerife \u00e0 votre rythme. Tenerife se d\u00e9couvre aussi depuis la mer. Tout au long de l&#8217;\u00eele, les c\u00f4tes combinent des falaises de lave, des sables doux et des mares naturelles o\u00f9 l&#8217;oc\u00e9an se calme. Chaque recoin a son rythme et sa lumi\u00e8re. Depuis La Ga\u00f1an\u00eda, [&hellip;]<\/p>\n","protected":false},"author":1,"featured_media":0,"parent":0,"menu_order":9,"comment_status":"closed","ping_status":"closed","template":"","meta":{"footnotes":""},"class_list":["post-4884","page","type-page","status-publish","hentry"],"yoast_head":"<!-- This site is optimized with the Yoast SEO plugin v27.3 - https:\/\/yoast.com\/product\/yoast-seo-wordpress\/ -->\n<title>Plages, mares et piscines | La Ga\u00f1an\u00eda Casa Rural<\/title>\n<meta name=\"description\" content=\"D\u00e9couvrez les meilleures plages, mares naturelles et piscines pr\u00e8s de La Ga\u00f1an\u00eda pour profiter de la mer et de la nature \u00e0 Tenerife Nord.\" \/>\n<meta name=\"robots\" content=\"index, follow, max-snippet:-1, max-image-preview:large, max-video-preview:-1\" \/>\n<link rel=\"canonical\" href=\"https:\/\/www.casalaganania.es\/fr\/plages-mares-et-piscines\/\" \/>\n<meta property=\"og:locale\" content=\"fr_FR\" \/>\n<meta property=\"og:type\" content=\"article\" \/>\n<meta property=\"og:title\" content=\"Plages, mares et piscines | La Ga\u00f1an\u00eda Casa Rural\" \/>\n<meta property=\"og:description\" content=\"D\u00e9couvrez les meilleures plages, mares naturelles et piscines pr\u00e8s de La Ga\u00f1an\u00eda pour profiter de la mer et de la nature \u00e0 Tenerife Nord.\" \/>\n<meta property=\"og:url\" content=\"https:\/\/www.casalaganania.es\/fr\/plages-mares-et-piscines\/\" \/>\n<meta property=\"og:site_name\" content=\"La Ga\u00f1an\u00eda Casa Rural\" \/>\n<meta property=\"article:modified_time\" content=\"2025-11-18T10:51:33+00:00\" \/>\n<meta property=\"og:image\" content=\"https:\/\/www.casalaganania.es\/wp\/wp-content\/uploads\/2024\/02\/caleton-garachico.jpg\" \/>\n\t<meta property=\"og:image:width\" content=\"1200\" \/>\n\t<meta property=\"og:image:height\" content=\"675\" \/>\n\t<meta property=\"og:image:type\" content=\"image\/jpeg\" \/>\n<meta name=\"twitter:card\" content=\"summary_large_image\" \/>\n<meta name=\"twitter:label1\" content=\"Dur\u00e9e de lecture estim\u00e9e\" \/>\n\t<meta name=\"twitter:data1\" content=\"3 minutes\" \/>\n<script type=\"application\/ld+json\" class=\"yoast-schema-graph\">{\"@context\":\"https:\\\/\\\/schema.org\",\"@graph\":[{\"@type\":\"WebPage\",\"@id\":\"https:\\\/\\\/www.casalaganania.es\\\/fr\\\/plages-mares-et-piscines\\\/\",\"url\":\"https:\\\/\\\/www.casalaganania.es\\\/fr\\\/plages-mares-et-piscines\\\/\",\"name\":\"Plages, mares et piscines | La Ga\u00f1an\u00eda Casa Rural\",\"isPartOf\":{\"@id\":\"https:\\\/\\\/www.casalaganania.es\\\/#website\"},\"primaryImageOfPage\":{\"@id\":\"https:\\\/\\\/www.casalaganania.es\\\/fr\\\/plages-mares-et-piscines\\\/#primaryimage\"},\"image\":{\"@id\":\"https:\\\/\\\/www.casalaganania.es\\\/fr\\\/plages-mares-et-piscines\\\/#primaryimage\"},\"thumbnailUrl\":\"https:\\\/\\\/www.casalaganania.es\\\/wp\\\/wp-content\\\/uploads\\\/2024\\\/02\\\/caleton-garachico-1024x576.jpg\",\"datePublished\":\"2021-06-29T15:24:47+00:00\",\"dateModified\":\"2025-11-18T10:51:33+00:00\",\"description\":\"D\u00e9couvrez les meilleures plages, mares naturelles et piscines pr\u00e8s de La Ga\u00f1an\u00eda pour profiter de la mer et de la nature \u00e0 Tenerife Nord.\",\"breadcrumb\":{\"@id\":\"https:\\\/\\\/www.casalaganania.es\\\/fr\\\/plages-mares-et-piscines\\\/#breadcrumb\"},\"inLanguage\":\"fr-FR\",\"potentialAction\":[{\"@type\":\"ReadAction\",\"target\":[\"https:\\\/\\\/www.casalaganania.es\\\/fr\\\/plages-mares-et-piscines\\\/\"]}]},{\"@type\":\"ImageObject\",\"inLanguage\":\"fr-FR\",\"@id\":\"https:\\\/\\\/www.casalaganania.es\\\/fr\\\/plages-mares-et-piscines\\\/#primaryimage\",\"url\":\"https:\\\/\\\/www.casalaganania.es\\\/wp\\\/wp-content\\\/uploads\\\/2024\\\/02\\\/caleton-garachico-1024x576.jpg\",\"contentUrl\":\"https:\\\/\\\/www.casalaganania.es\\\/wp\\\/wp-content\\\/uploads\\\/2024\\\/02\\\/caleton-garachico-1024x576.jpg\"},{\"@type\":\"BreadcrumbList\",\"@id\":\"https:\\\/\\\/www.casalaganania.es\\\/fr\\\/plages-mares-et-piscines\\\/#breadcrumb\",\"itemListElement\":[{\"@type\":\"ListItem\",\"position\":1,\"name\":\"Portada\",\"item\":\"https:\\\/\\\/www.casalaganania.es\\\/fr\\\/accueil\\\/\"},{\"@type\":\"ListItem\",\"position\":2,\"name\":\"Plages, mares et piscines\"}]},{\"@type\":\"WebSite\",\"@id\":\"https:\\\/\\\/www.casalaganania.es\\\/#website\",\"url\":\"https:\\\/\\\/www.casalaganania.es\\\/\",\"name\":\"La Ga\u00f1an\u00eda Casa Rural\",\"description\":\"Los Realejos, Tenerife\",\"publisher\":{\"@id\":\"https:\\\/\\\/www.casalaganania.es\\\/#organization\"},\"potentialAction\":[{\"@type\":\"SearchAction\",\"target\":{\"@type\":\"EntryPoint\",\"urlTemplate\":\"https:\\\/\\\/www.casalaganania.es\\\/?s={search_term_string}\"},\"query-input\":{\"@type\":\"PropertyValueSpecification\",\"valueRequired\":true,\"valueName\":\"search_term_string\"}}],\"inLanguage\":\"fr-FR\"},{\"@type\":\"Organization\",\"@id\":\"https:\\\/\\\/www.casalaganania.es\\\/#organization\",\"name\":\"La Ga\u00f1an\u00eda Casa Rural\",\"url\":\"https:\\\/\\\/www.casalaganania.es\\\/\",\"logo\":{\"@type\":\"ImageObject\",\"inLanguage\":\"fr-FR\",\"@id\":\"https:\\\/\\\/www.casalaganania.es\\\/#\\\/schema\\\/logo\\\/image\\\/\",\"url\":\"https:\\\/\\\/www.casalaganania.es\\\/wp\\\/wp-content\\\/uploads\\\/2025\\\/10\\\/Recurso-21.png\",\"contentUrl\":\"https:\\\/\\\/www.casalaganania.es\\\/wp\\\/wp-content\\\/uploads\\\/2025\\\/10\\\/Recurso-21.png\",\"width\":817,\"height\":525,\"caption\":\"La Ga\u00f1an\u00eda Casa Rural \"},\"image\":{\"@id\":\"https:\\\/\\\/www.casalaganania.es\\\/#\\\/schema\\\/logo\\\/image\\\/\"}}]}<\/script>\n<!-- \/ Yoast SEO plugin. -->","yoast_head_json":{"title":"Plages, mares et piscines | La Ga\u00f1an\u00eda Casa Rural","description":"D\u00e9couvrez les meilleures plages, mares naturelles et piscines pr\u00e8s de La Ga\u00f1an\u00eda pour profiter de la mer et de la nature \u00e0 Tenerife Nord.","robots":{"index":"index","follow":"follow","max-snippet":"max-snippet:-1","max-image-preview":"max-image-preview:large","max-video-preview":"max-video-preview:-1"},"canonical":"https:\/\/www.casalaganania.es\/fr\/plages-mares-et-piscines\/","og_locale":"fr_FR","og_type":"article","og_title":"Plages, mares et piscines | La Ga\u00f1an\u00eda Casa Rural","og_description":"D\u00e9couvrez les meilleures plages, mares naturelles et piscines pr\u00e8s de La Ga\u00f1an\u00eda pour profiter de la mer et de la nature \u00e0 Tenerife Nord.","og_url":"https:\/\/www.casalaganania.es\/fr\/plages-mares-et-piscines\/","og_site_name":"La Ga\u00f1an\u00eda Casa Rural","article_modified_time":"2025-11-18T10:51:33+00:00","og_image":[{"width":1200,"height":675,"url":"https:\/\/www.casalaganania.es\/wp\/wp-content\/uploads\/2024\/02\/caleton-garachico.jpg","type":"image\/jpeg"}],"twitter_card":"summary_large_image","twitter_misc":{"Dur\u00e9e de lecture estim\u00e9e":"3 minutes"},"schema":{"@context":"https:\/\/schema.org","@graph":[{"@type":"WebPage","@id":"https:\/\/www.casalaganania.es\/fr\/plages-mares-et-piscines\/","url":"https:\/\/www.casalaganania.es\/fr\/plages-mares-et-piscines\/","name":"Plages, mares et piscines | La Ga\u00f1an\u00eda Casa Rural","isPartOf":{"@id":"https:\/\/www.casalaganania.es\/#website"},"primaryImageOfPage":{"@id":"https:\/\/www.casalaganania.es\/fr\/plages-mares-et-piscines\/#primaryimage"},"image":{"@id":"https:\/\/www.casalaganania.es\/fr\/plages-mares-et-piscines\/#primaryimage"},"thumbnailUrl":"https:\/\/www.casalaganania.es\/wp\/wp-content\/uploads\/2024\/02\/caleton-garachico-1024x576.jpg","datePublished":"2021-06-29T15:24:47+00:00","dateModified":"2025-11-18T10:51:33+00:00","description":"D\u00e9couvrez les meilleures plages, mares naturelles et piscines pr\u00e8s de La Ga\u00f1an\u00eda pour profiter de la mer et de la nature \u00e0 Tenerife Nord.","breadcrumb":{"@id":"https:\/\/www.casalaganania.es\/fr\/plages-mares-et-piscines\/#breadcrumb"},"inLanguage":"fr-FR","potentialAction":[{"@type":"ReadAction","target":["https:\/\/www.casalaganania.es\/fr\/plages-mares-et-piscines\/"]}]},{"@type":"ImageObject","inLanguage":"fr-FR","@id":"https:\/\/www.casalaganania.es\/fr\/plages-mares-et-piscines\/#primaryimage","url":"https:\/\/www.casalaganania.es\/wp\/wp-content\/uploads\/2024\/02\/caleton-garachico-1024x576.jpg","contentUrl":"https:\/\/www.casalaganania.es\/wp\/wp-content\/uploads\/2024\/02\/caleton-garachico-1024x576.jpg"},{"@type":"BreadcrumbList","@id":"https:\/\/www.casalaganania.es\/fr\/plages-mares-et-piscines\/#breadcrumb","itemListElement":[{"@type":"ListItem","position":1,"name":"Portada","item":"https:\/\/www.casalaganania.es\/fr\/accueil\/"},{"@type":"ListItem","position":2,"name":"Plages, mares et piscines"}]},{"@type":"WebSite","@id":"https:\/\/www.casalaganania.es\/#website","url":"https:\/\/www.casalaganania.es\/","name":"La Ga\u00f1an\u00eda Casa Rural","description":"Los Realejos, Tenerife","publisher":{"@id":"https:\/\/www.casalaganania.es\/#organization"},"potentialAction":[{"@type":"SearchAction","target":{"@type":"EntryPoint","urlTemplate":"https:\/\/www.casalaganania.es\/?s={search_term_string}"},"query-input":{"@type":"PropertyValueSpecification","valueRequired":true,"valueName":"search_term_string"}}],"inLanguage":"fr-FR"},{"@type":"Organization","@id":"https:\/\/www.casalaganania.es\/#organization","name":"La Ga\u00f1an\u00eda Casa Rural","url":"https:\/\/www.casalaganania.es\/","logo":{"@type":"ImageObject","inLanguage":"fr-FR","@id":"https:\/\/www.casalaganania.es\/#\/schema\/logo\/image\/","url":"https:\/\/www.casalaganania.es\/wp\/wp-content\/uploads\/2025\/10\/Recurso-21.png","contentUrl":"https:\/\/www.casalaganania.es\/wp\/wp-content\/uploads\/2025\/10\/Recurso-21.png","width":817,"height":525,"caption":"La Ga\u00f1an\u00eda Casa Rural "},"image":{"@id":"https:\/\/www.casalaganania.es\/#\/schema\/logo\/image\/"}}]}},"_links":{"self":[{"href":"https:\/\/www.casalaganania.es\/fr\/wp-json\/wp\/v2\/pages\/4884","targetHints":{"allow":["GET"]}}],"collection":[{"href":"https:\/\/www.casalaganania.es\/fr\/wp-json\/wp\/v2\/pages"}],"about":[{"href":"https:\/\/www.casalaganania.es\/fr\/wp-json\/wp\/v2\/types\/page"}],"author":[{"embeddable":true,"href":"https:\/\/www.casalaganania.es\/fr\/wp-json\/wp\/v2\/users\/1"}],"replies":[{"embeddable":true,"href":"https:\/\/www.casalaganania.es\/fr\/wp-json\/wp\/v2\/comments?post=4884"}],"version-history":[{"count":1,"href":"https:\/\/www.casalaganania.es\/fr\/wp-json\/wp\/v2\/pages\/4884\/revisions"}],"predecessor-version":[{"id":4924,"href":"https:\/\/www.casalaganania.es\/fr\/wp-json\/wp\/v2\/pages\/4884\/revisions\/4924"}],"wp:attachment":[{"href":"https:\/\/www.casalaganania.es\/fr\/wp-json\/wp\/v2\/media?parent=4884"}],"curies":[{"name":"wp","href":"https:\/\/api.w.org\/{rel}","templated":true}]}}