{"id":4840,"date":"2021-08-03T11:37:37","date_gmt":"2021-08-03T11:37:37","guid":{"rendered":"https:\/\/www.casalaganania.es\/national-und-laendliche-parks\/"},"modified":"2025-11-18T10:51:33","modified_gmt":"2025-11-18T10:51:33","slug":"national-und-laendliche-parks","status":"publish","type":"page","link":"https:\/\/www.casalaganania.es\/de\/national-und-laendliche-parks\/","title":{"rendered":"National- und l\u00e4ndliche Parks"},"content":{"rendered":"\t\t<div data-elementor-type=\"wp-page\" data-elementor-id=\"4840\" class=\"elementor elementor-4840 elementor-2580\" data-elementor-post-type=\"page\">\n\t\t\t\t<div class=\"elementor-element elementor-element-fe747c4 e-con-full e-flex e-con e-parent\" data-id=\"fe747c4\" data-element_type=\"container\" data-e-type=\"container\" data-settings=\"{&quot;background_background&quot;:&quot;classic&quot;}\">\n\t\t<div class=\"elementor-element elementor-element-95a7f7d e-con-full e-flex e-con e-child\" data-id=\"95a7f7d\" data-element_type=\"container\" data-e-type=\"container\">\n\t\t\t\t<div class=\"elementor-element elementor-element-ade7398 elementor-widget elementor-widget-heading\" data-id=\"ade7398\" data-element_type=\"widget\" data-e-type=\"widget\" data-widget_type=\"heading.default\">\n\t\t\t\t\t<p class=\"elementor-heading-title elementor-size-default\">ENTDECKE DIE INSEL<\/p>\t\t\t\t<\/div>\n\t\t\t\t<div class=\"elementor-element elementor-element-840cf57 elementor-widget elementor-widget-heading\" data-id=\"840cf57\" data-element_type=\"widget\" data-e-type=\"widget\" data-widget_type=\"heading.default\">\n\t\t\t\t\t<h3 class=\"elementor-heading-title elementor-size-default\"><em>National- und l\u00e4ndliche Parks<\/em>, in denen Sie das Wesen von <em>Teneriffa<\/em> entdecken k\u00f6nnen.<\/h3>\t\t\t\t<\/div>\n\t\t\t\t<\/div>\n\t\t<div class=\"elementor-element elementor-element-102f2e7 e-con-full e-flex e-con e-child\" data-id=\"102f2e7\" data-element_type=\"container\" data-e-type=\"container\" data-settings=\"{&quot;background_background&quot;:&quot;classic&quot;}\">\n\t\t\t\t<div class=\"elementor-element elementor-element-9f89a21 elementor-widget elementor-widget-text-editor\" data-id=\"9f89a21\" data-element_type=\"widget\" data-e-type=\"widget\" data-widget_type=\"text-editor.default\">\n\t\t\t\t\t\t\t\t\t<p>Teneriffa ist eine Insel der Kontraste, gepr\u00e4gt von der Kraft des Teide und der Ruhe seiner Berge und Schluchten. Seine National- und l\u00e4ndlichen Parks sind viel mehr als nur Landschaften: Sie sind Orte, an denen Natur und Geschichte miteinander verwoben sind und die Sch\u00f6nheit und Vielfalt der Insel zeigen. Wir laden Sie ein, sie mit Respekt und ohne Eile kennenzulernen, um die Erde, die uns Identit\u00e4t gibt, aus der N\u00e4he zu sp\u00fcren.<\/p>\t\t\t\t\t\t\t\t<\/div>\n\t\t\t\t<\/div>\n\t\t\t\t<\/div>\n\t\t<div class=\"elementor-element elementor-element-89cfe56 e-con-full e-flex e-con e-parent\" data-id=\"89cfe56\" data-element_type=\"container\" data-e-type=\"container\">\n\t\t<div class=\"elementor-element elementor-element-ea72277 e-con-full e-flex e-con e-child\" data-id=\"ea72277\" data-element_type=\"container\" data-e-type=\"container\" data-settings=\"{&quot;background_background&quot;:&quot;classic&quot;}\">\n\t\t\t\t<div class=\"elementor-element elementor-element-44d4a64 imagen-ajustada elementor-widget elementor-widget-image\" data-id=\"44d4a64\" data-element_type=\"widget\" data-e-type=\"widget\" data-widget_type=\"image.default\">\n\t\t\t\t\t\t\t\t\t\t\t\t\t\t\t<img fetchpriority=\"high\" decoding=\"async\" width=\"500\" height=\"280\" src=\"https:\/\/www.casalaganania.es\/wp\/wp-content\/uploads\/2021\/08\/parque-nacional-teide.jpg\" class=\"attachment-large size-large wp-image-4841\" alt=\"Nationalpark Teide\" srcset=\"https:\/\/www.casalaganania.es\/wp\/wp-content\/uploads\/2021\/08\/parque-nacional-teide.jpg 500w, https:\/\/www.casalaganania.es\/wp\/wp-content\/uploads\/2021\/08\/parque-nacional-teide-300x168.jpg 300w\" sizes=\"(max-width: 500px) 100vw, 500px\" \/>\t\t\t\t\t\t\t\t\t\t\t\t\t\t\t<\/div>\n\t\t\t\t<div class=\"elementor-element elementor-element-a021081 elementor-icon-list--layout-traditional elementor-list-item-link-full_width elementor-widget elementor-widget-icon-list\" data-id=\"a021081\" data-element_type=\"widget\" data-e-type=\"widget\" data-widget_type=\"icon-list.default\">\n\t\t\t\t\t\t\t<ul class=\"elementor-icon-list-items\">\n\t\t\t\t\t\t\t<li class=\"elementor-icon-list-item\">\n\t\t\t\t\t\t\t\t\t\t\t<span class=\"elementor-icon-list-icon\">\n\t\t\t\t\t\t\t<svg aria-hidden=\"true\" class=\"e-font-icon-svg e-fas-map-marker-alt\" viewBox=\"0 0 384 512\" xmlns=\"http:\/\/www.w3.org\/2000\/svg\"><path d=\"M172.268 501.67C26.97 291.031 0 269.413 0 192 0 85.961 85.961 0 192 0s192 85.961 192 192c0 77.413-26.97 99.031-172.268 309.67-9.535 13.774-29.93 13.773-39.464 0zM192 272c44.183 0 80-35.817 80-80s-35.817-80-80-80-80 35.817-80 80 35.817 80 80 80z\"><\/path><\/svg>\t\t\t\t\t\t<\/span>\n\t\t\t\t\t\t\t\t\t\t<span class=\"elementor-icon-list-text\">LAS CA\u00d1ADAS DEL TEIDE<\/span>\n\t\t\t\t\t\t\t\t\t<\/li>\n\t\t\t\t\t\t<\/ul>\n\t\t\t\t\t\t<\/div>\n\t\t\t\t<div class=\"elementor-element elementor-element-ab09369 elementor-widget elementor-widget-heading\" data-id=\"ab09369\" data-element_type=\"widget\" data-e-type=\"widget\" data-widget_type=\"heading.default\">\n\t\t\t\t\t<h5 class=\"elementor-heading-title elementor-size-default\">NATIONALPARK TEIDE<\/h5>\t\t\t\t<\/div>\n\t\t\t\t<div class=\"elementor-element elementor-element-07bc661 elementor-widget elementor-widget-text-editor\" data-id=\"07bc661\" data-element_type=\"widget\" data-e-type=\"widget\" data-widget_type=\"text-editor.default\">\n\t\t\t\t\t\t\t\t\t<p>Sie werden Landschaften genie\u00dfen, die Ihnen wie von einem anderen Planeten vorkommen werden. Sie werden die reine Luft des h\u00f6chsten Gipfels Spaniens atmen. Sie werden zwischen der Vulkanlava wandern und sich winzig f\u00fchlen, wenn Sie die beeindruckende Umgebung sehen.<\/p>\t\t\t\t\t\t\t\t<\/div>\n\t\t\t\t<div class=\"elementor-element elementor-element-c9bbcac elementor-align-left elementor-tablet-align-left elementor-widget elementor-widget-button\" data-id=\"c9bbcac\" data-element_type=\"widget\" data-e-type=\"widget\" data-widget_type=\"button.default\">\n\t\t\t\t\t\t\t\t\t\t<a class=\"elementor-button elementor-button-link elementor-size-sm\" href=\"https:\/\/www.webtenerife.com\/que-visitar\/parque-nacional-del-teide\/?tab=1\" target=\"_blank\">\n\t\t\t\t\t\t<span class=\"elementor-button-content-wrapper\">\n\t\t\t\t\t\t\t\t\t<span class=\"elementor-button-text\">SEHEN<\/span>\n\t\t\t\t\t<\/span>\n\t\t\t\t\t<\/a>\n\t\t\t\t\t\t\t\t<\/div>\n\t\t\t\t<\/div>\n\t\t<div class=\"elementor-element elementor-element-5d6ddb2 e-con-full e-flex e-con e-child\" data-id=\"5d6ddb2\" data-element_type=\"container\" data-e-type=\"container\" data-settings=\"{&quot;background_background&quot;:&quot;classic&quot;}\">\n\t\t\t\t<div class=\"elementor-element elementor-element-90e1180 imagen-ajustada elementor-widget elementor-widget-image\" data-id=\"90e1180\" data-element_type=\"widget\" data-e-type=\"widget\" data-widget_type=\"image.default\">\n\t\t\t\t\t\t\t\t\t\t\t\t\t\t\t<img decoding=\"async\" width=\"500\" height=\"280\" src=\"https:\/\/www.casalaganania.es\/wp\/wp-content\/uploads\/2021\/08\/parque-rural-anaga.jpg\" class=\"attachment-large size-large wp-image-4842\" alt=\"L\u00e4ndlicher Park von Anaga\" srcset=\"https:\/\/www.casalaganania.es\/wp\/wp-content\/uploads\/2021\/08\/parque-rural-anaga.jpg 500w, https:\/\/www.casalaganania.es\/wp\/wp-content\/uploads\/2021\/08\/parque-rural-anaga-300x168.jpg 300w\" sizes=\"(max-width: 500px) 100vw, 500px\" \/>\t\t\t\t\t\t\t\t\t\t\t\t\t\t\t<\/div>\n\t\t\t\t<div class=\"elementor-element elementor-element-9f3f66a elementor-icon-list--layout-traditional elementor-list-item-link-full_width elementor-widget elementor-widget-icon-list\" data-id=\"9f3f66a\" data-element_type=\"widget\" data-e-type=\"widget\" data-widget_type=\"icon-list.default\">\n\t\t\t\t\t\t\t<ul class=\"elementor-icon-list-items\">\n\t\t\t\t\t\t\t<li class=\"elementor-icon-list-item\">\n\t\t\t\t\t\t\t\t\t\t\t<span class=\"elementor-icon-list-icon\">\n\t\t\t\t\t\t\t<svg aria-hidden=\"true\" class=\"e-font-icon-svg e-fas-map-marker-alt\" viewBox=\"0 0 384 512\" xmlns=\"http:\/\/www.w3.org\/2000\/svg\"><path d=\"M172.268 501.67C26.97 291.031 0 269.413 0 192 0 85.961 85.961 0 192 0s192 85.961 192 192c0 77.413-26.97 99.031-172.268 309.67-9.535 13.774-29.93 13.773-39.464 0zM192 272c44.183 0 80-35.817 80-80s-35.817-80-80-80-80 35.817-80 80 35.817 80 80 80z\"><\/path><\/svg>\t\t\t\t\t\t<\/span>\n\t\t\t\t\t\t\t\t\t\t<span class=\"elementor-icon-list-text\">SANTA CRUZ DE TENERIFE<\/span>\n\t\t\t\t\t\t\t\t\t<\/li>\n\t\t\t\t\t\t<\/ul>\n\t\t\t\t\t\t<\/div>\n\t\t\t\t<div class=\"elementor-element elementor-element-108b4c3 elementor-widget elementor-widget-heading\" data-id=\"108b4c3\" data-element_type=\"widget\" data-e-type=\"widget\" data-widget_type=\"heading.default\">\n\t\t\t\t\t<h5 class=\"elementor-heading-title elementor-size-default\">L\u00c4NDLICHER PARK VON ANAGA<\/h5>\t\t\t\t<\/div>\n\t\t\t\t<div class=\"elementor-element elementor-element-4cf2638 elementor-widget elementor-widget-text-editor\" data-id=\"4cf2638\" data-element_type=\"widget\" data-e-type=\"widget\" data-widget_type=\"text-editor.default\">\n\t\t\t\t\t\t\t\t\t<p>Zum Biosph\u00e4renreservat erkl\u00e4rt. Sie finden eine wundersch\u00f6ne und zerkl\u00fcftete Bergkette mit tiefen T\u00e4lern und Schluchten, die in zahlreichen Str\u00e4nden m\u00fcnden.<\/p>\t\t\t\t\t\t\t\t<\/div>\n\t\t\t\t<div class=\"elementor-element elementor-element-909a939 elementor-align-left elementor-tablet-align-left elementor-widget elementor-widget-button\" data-id=\"909a939\" data-element_type=\"widget\" data-e-type=\"widget\" data-widget_type=\"button.default\">\n\t\t\t\t\t\t\t\t\t\t<a class=\"elementor-button elementor-button-link elementor-size-sm\" href=\"https:\/\/www.webtenerife.com\/que-visitar\/otros-espacios-naturales\/parque-rural-de-anaga\/\" target=\"_blank\">\n\t\t\t\t\t\t<span class=\"elementor-button-content-wrapper\">\n\t\t\t\t\t\t\t\t\t<span class=\"elementor-button-text\">SEHEN <\/span>\n\t\t\t\t\t<\/span>\n\t\t\t\t\t<\/a>\n\t\t\t\t\t\t\t\t<\/div>\n\t\t\t\t<\/div>\n\t\t<div class=\"elementor-element elementor-element-60b2937 e-con-full e-flex e-con e-child\" data-id=\"60b2937\" data-element_type=\"container\" data-e-type=\"container\" data-settings=\"{&quot;background_background&quot;:&quot;classic&quot;}\">\n\t\t\t\t<div class=\"elementor-element elementor-element-819a8ee imagen-ajustada elementor-widget elementor-widget-image\" data-id=\"819a8ee\" data-element_type=\"widget\" data-e-type=\"widget\" data-widget_type=\"image.default\">\n\t\t\t\t\t\t\t\t\t\t\t\t\t\t\t<img decoding=\"async\" width=\"500\" height=\"280\" src=\"https:\/\/www.casalaganania.es\/wp\/wp-content\/uploads\/2021\/08\/parque-rural-teno.jpg\" class=\"attachment-large size-large wp-image-4843\" alt=\"L\u00e4ndlicher Park von Teno\" srcset=\"https:\/\/www.casalaganania.es\/wp\/wp-content\/uploads\/2021\/08\/parque-rural-teno.jpg 500w, https:\/\/www.casalaganania.es\/wp\/wp-content\/uploads\/2021\/08\/parque-rural-teno-300x168.jpg 300w\" sizes=\"(max-width: 500px) 100vw, 500px\" \/>\t\t\t\t\t\t\t\t\t\t\t\t\t\t\t<\/div>\n\t\t\t\t<div class=\"elementor-element elementor-element-f4aecc2 elementor-icon-list--layout-traditional elementor-list-item-link-full_width elementor-widget elementor-widget-icon-list\" data-id=\"f4aecc2\" data-element_type=\"widget\" data-e-type=\"widget\" data-widget_type=\"icon-list.default\">\n\t\t\t\t\t\t\t<ul class=\"elementor-icon-list-items\">\n\t\t\t\t\t\t\t<li class=\"elementor-icon-list-item\">\n\t\t\t\t\t\t\t\t\t\t\t<span class=\"elementor-icon-list-icon\">\n\t\t\t\t\t\t\t<svg aria-hidden=\"true\" class=\"e-font-icon-svg e-fas-map-marker-alt\" viewBox=\"0 0 384 512\" xmlns=\"http:\/\/www.w3.org\/2000\/svg\"><path d=\"M172.268 501.67C26.97 291.031 0 269.413 0 192 0 85.961 85.961 0 192 0s192 85.961 192 192c0 77.413-26.97 99.031-172.268 309.67-9.535 13.774-29.93 13.773-39.464 0zM192 272c44.183 0 80-35.817 80-80s-35.817-80-80-80-80 35.817-80 80 35.817 80 80 80z\"><\/path><\/svg>\t\t\t\t\t\t<\/span>\n\t\t\t\t\t\t\t\t\t\t<span class=\"elementor-icon-list-text\">BUENAVISTA DEL NORTE<\/span>\n\t\t\t\t\t\t\t\t\t<\/li>\n\t\t\t\t\t\t<\/ul>\n\t\t\t\t\t\t<\/div>\n\t\t\t\t<div class=\"elementor-element elementor-element-ea9b2d3 elementor-widget elementor-widget-heading\" data-id=\"ea9b2d3\" data-element_type=\"widget\" data-e-type=\"widget\" data-widget_type=\"heading.default\">\n\t\t\t\t\t<h5 class=\"elementor-heading-title elementor-size-default\">L\u00c4NDLICHER PARK VON TENO<\/h5>\t\t\t\t<\/div>\n\t\t\t\t<div class=\"elementor-element elementor-element-7d50b2c elementor-widget elementor-widget-text-editor\" data-id=\"7d50b2c\" data-element_type=\"widget\" data-e-type=\"widget\" data-widget_type=\"text-editor.default\">\n\t\t\t\t\t\t\t\t\t<p>Er liegt am nordwestlichen Ende der Insel und ist einer der sch\u00f6nsten Naturr\u00e4ume Teneriffas, der seine gro\u00dfen \u00f6kologischen, landschaftlichen und kulturellen Werte erhalten hat.<\/p>\t\t\t\t\t\t\t\t<\/div>\n\t\t\t\t<div class=\"elementor-element elementor-element-0e010b3 elementor-align-left elementor-tablet-align-left elementor-widget elementor-widget-button\" data-id=\"0e010b3\" data-element_type=\"widget\" data-e-type=\"widget\" data-widget_type=\"button.default\">\n\t\t\t\t\t\t\t\t\t\t<a class=\"elementor-button elementor-button-link elementor-size-sm\" href=\"https:\/\/www.webtenerife.com\/que-visitar\/otros-espacios-naturales\/parque-rural-teno\/\" target=\"_blank\">\n\t\t\t\t\t\t<span class=\"elementor-button-content-wrapper\">\n\t\t\t\t\t\t\t\t\t<span class=\"elementor-button-text\">SEHEN<\/span>\n\t\t\t\t\t<\/span>\n\t\t\t\t\t<\/a>\n\t\t\t\t\t\t\t\t<\/div>\n\t\t\t\t<\/div>\n\t\t<div class=\"elementor-element elementor-element-cdb1b57 e-con-full e-flex e-con e-child\" data-id=\"cdb1b57\" data-element_type=\"container\" data-e-type=\"container\" data-settings=\"{&quot;background_background&quot;:&quot;classic&quot;}\">\n\t\t\t\t<div class=\"elementor-element elementor-element-e5baea4 imagen-ajustada elementor-widget elementor-widget-image\" data-id=\"e5baea4\" data-element_type=\"widget\" data-e-type=\"widget\" data-widget_type=\"image.default\">\n\t\t\t\t\t\t\t\t\t\t\t\t\t\t\t<img loading=\"lazy\" decoding=\"async\" width=\"500\" height=\"280\" src=\"https:\/\/www.casalaganania.es\/wp\/wp-content\/uploads\/2021\/08\/rambla-de-castro.jpg\" class=\"attachment-large size-large wp-image-4844\" alt=\"Rambla de Castro\" srcset=\"https:\/\/www.casalaganania.es\/wp\/wp-content\/uploads\/2021\/08\/rambla-de-castro.jpg 500w, https:\/\/www.casalaganania.es\/wp\/wp-content\/uploads\/2021\/08\/rambla-de-castro-300x168.jpg 300w\" sizes=\"(max-width: 500px) 100vw, 500px\" \/>\t\t\t\t\t\t\t\t\t\t\t\t\t\t\t<\/div>\n\t\t\t\t<div class=\"elementor-element elementor-element-ccec95c elementor-icon-list--layout-traditional elementor-list-item-link-full_width elementor-widget elementor-widget-icon-list\" data-id=\"ccec95c\" data-element_type=\"widget\" data-e-type=\"widget\" data-widget_type=\"icon-list.default\">\n\t\t\t\t\t\t\t<ul class=\"elementor-icon-list-items\">\n\t\t\t\t\t\t\t<li class=\"elementor-icon-list-item\">\n\t\t\t\t\t\t\t\t\t\t\t<span class=\"elementor-icon-list-icon\">\n\t\t\t\t\t\t\t<svg aria-hidden=\"true\" class=\"e-font-icon-svg e-fas-map-marker-alt\" viewBox=\"0 0 384 512\" xmlns=\"http:\/\/www.w3.org\/2000\/svg\"><path d=\"M172.268 501.67C26.97 291.031 0 269.413 0 192 0 85.961 85.961 0 192 0s192 85.961 192 192c0 77.413-26.97 99.031-172.268 309.67-9.535 13.774-29.93 13.773-39.464 0zM192 272c44.183 0 80-35.817 80-80s-35.817-80-80-80-80 35.817-80 80 35.817 80 80 80z\"><\/path><\/svg>\t\t\t\t\t\t<\/span>\n\t\t\t\t\t\t\t\t\t\t<span class=\"elementor-icon-list-text\">LOS REALEJOS<\/span>\n\t\t\t\t\t\t\t\t\t<\/li>\n\t\t\t\t\t\t<\/ul>\n\t\t\t\t\t\t<\/div>\n\t\t\t\t<div class=\"elementor-element elementor-element-d746d5f elementor-widget elementor-widget-heading\" data-id=\"d746d5f\" data-element_type=\"widget\" data-e-type=\"widget\" data-widget_type=\"heading.default\">\n\t\t\t\t\t<h5 class=\"elementor-heading-title elementor-size-default\">RAMBLA DE CASTRO<\/h5>\t\t\t\t<\/div>\n\t\t\t\t<div class=\"elementor-element elementor-element-1f45020 elementor-widget elementor-widget-text-editor\" data-id=\"1f45020\" data-element_type=\"widget\" data-e-type=\"widget\" data-widget_type=\"text-editor.default\">\n\t\t\t\t\t\t\t\t\t<p>Gesch\u00fctzte Landschaft mit einer Vielzahl von bedrohten Arten wie kanarischen Palmenhainen, Tabaibal-Cardonal und Drachenb\u00e4umen sowie einer vielf\u00e4ltigen Fauna mit V\u00f6geln wie dem Gelbschnabel-Sturmtaucher.<\/p>\t\t\t\t\t\t\t\t<\/div>\n\t\t\t\t<div class=\"elementor-element elementor-element-f1171e7 elementor-align-left elementor-tablet-align-left elementor-widget elementor-widget-button\" data-id=\"f1171e7\" data-element_type=\"widget\" data-e-type=\"widget\" data-widget_type=\"button.default\">\n\t\t\t\t\t\t\t\t\t\t<a class=\"elementor-button elementor-button-link elementor-size-sm\" href=\"https:\/\/www.webtenerife.com\/que-visitar\/otros-espacios-naturales\/rambla-de-castro\/\" target=\"_blank\">\n\t\t\t\t\t\t<span class=\"elementor-button-content-wrapper\">\n\t\t\t\t\t\t\t\t\t<span class=\"elementor-button-text\">SEHEN<\/span>\n\t\t\t\t\t<\/span>\n\t\t\t\t\t<\/a>\n\t\t\t\t\t\t\t\t<\/div>\n\t\t\t\t<\/div>\n\t\t\t\t<\/div>\n\t\t\t\t<\/div>\n\t\t","protected":false},"excerpt":{"rendered":"<p>ENTDECKE DIE INSEL National- und l\u00e4ndliche Parks, in denen Sie das Wesen von Teneriffa entdecken k\u00f6nnen. Teneriffa ist eine Insel der Kontraste, gepr\u00e4gt von der Kraft des Teide und der Ruhe seiner Berge und Schluchten. Seine National- und l\u00e4ndlichen Parks sind viel mehr als nur Landschaften: Sie sind Orte, an denen Natur und Geschichte miteinander [&hellip;]<\/p>\n","protected":false},"author":1,"featured_media":0,"parent":0,"menu_order":7,"comment_status":"closed","ping_status":"closed","template":"","meta":{"footnotes":""},"class_list":["post-4840","page","type-page","status-publish","hentry"],"yoast_head":"<!-- This site is optimized with the Yoast SEO plugin v27.3 - https:\/\/yoast.com\/product\/yoast-seo-wordpress\/ -->\n<title>National- und l\u00e4ndliche Parks | La Ga\u00f1an\u00eda Landhaus<\/title>\n<meta name=\"description\" content=\"Erkunden Sie die einzigartigen National- und l\u00e4ndlichen Parks von Teneriffa von La Ga\u00f1an\u00eda aus. Wandern, Vulkanlandschaften und lebendige Natur.\" \/>\n<meta name=\"robots\" content=\"index, follow, max-snippet:-1, max-image-preview:large, max-video-preview:-1\" \/>\n<link rel=\"canonical\" href=\"https:\/\/www.casalaganania.es\/de\/national-und-laendliche-parks\/\" \/>\n<meta property=\"og:locale\" content=\"de_DE\" \/>\n<meta property=\"og:type\" content=\"article\" \/>\n<meta property=\"og:title\" content=\"National- und l\u00e4ndliche Parks | La Ga\u00f1an\u00eda Landhaus\" \/>\n<meta property=\"og:description\" content=\"Erkunden Sie die einzigartigen National- und l\u00e4ndlichen Parks von Teneriffa von La Ga\u00f1an\u00eda aus. Wandern, Vulkanlandschaften und lebendige Natur.\" \/>\n<meta property=\"og:url\" content=\"https:\/\/www.casalaganania.es\/de\/national-und-laendliche-parks\/\" \/>\n<meta property=\"og:site_name\" content=\"La Ga\u00f1an\u00eda Casa Rural\" \/>\n<meta property=\"article:modified_time\" content=\"2025-11-18T10:51:33+00:00\" \/>\n<meta property=\"og:image\" content=\"https:\/\/www.casalaganania.es\/wp\/wp-content\/uploads\/2021\/08\/parque-nacional-teide.jpg\" \/>\n\t<meta property=\"og:image:width\" content=\"500\" \/>\n\t<meta property=\"og:image:height\" content=\"280\" \/>\n\t<meta property=\"og:image:type\" content=\"image\/jpeg\" \/>\n<meta name=\"twitter:card\" content=\"summary_large_image\" \/>\n<meta name=\"twitter:label1\" content=\"Gesch\u00e4tzte Lesezeit\" \/>\n\t<meta name=\"twitter:data1\" content=\"1\u00a0Minute\" \/>\n<script type=\"application\/ld+json\" class=\"yoast-schema-graph\">{\"@context\":\"https:\\\/\\\/schema.org\",\"@graph\":[{\"@type\":\"WebPage\",\"@id\":\"https:\\\/\\\/www.casalaganania.es\\\/de\\\/national-und-laendliche-parks\\\/\",\"url\":\"https:\\\/\\\/www.casalaganania.es\\\/de\\\/national-und-laendliche-parks\\\/\",\"name\":\"National- und l\u00e4ndliche Parks | La Ga\u00f1an\u00eda Landhaus\",\"isPartOf\":{\"@id\":\"https:\\\/\\\/www.casalaganania.es\\\/#website\"},\"primaryImageOfPage\":{\"@id\":\"https:\\\/\\\/www.casalaganania.es\\\/de\\\/national-und-laendliche-parks\\\/#primaryimage\"},\"image\":{\"@id\":\"https:\\\/\\\/www.casalaganania.es\\\/de\\\/national-und-laendliche-parks\\\/#primaryimage\"},\"thumbnailUrl\":\"https:\\\/\\\/www.casalaganania.es\\\/wp\\\/wp-content\\\/uploads\\\/2021\\\/08\\\/parque-nacional-teide.jpg\",\"datePublished\":\"2021-08-03T11:37:37+00:00\",\"dateModified\":\"2025-11-18T10:51:33+00:00\",\"description\":\"Erkunden Sie die einzigartigen National- und l\u00e4ndlichen Parks von Teneriffa von La Ga\u00f1an\u00eda aus. Wandern, Vulkanlandschaften und lebendige Natur.\",\"breadcrumb\":{\"@id\":\"https:\\\/\\\/www.casalaganania.es\\\/de\\\/national-und-laendliche-parks\\\/#breadcrumb\"},\"inLanguage\":\"de\",\"potentialAction\":[{\"@type\":\"ReadAction\",\"target\":[\"https:\\\/\\\/www.casalaganania.es\\\/de\\\/national-und-laendliche-parks\\\/\"]}]},{\"@type\":\"ImageObject\",\"inLanguage\":\"de\",\"@id\":\"https:\\\/\\\/www.casalaganania.es\\\/de\\\/national-und-laendliche-parks\\\/#primaryimage\",\"url\":\"https:\\\/\\\/www.casalaganania.es\\\/wp\\\/wp-content\\\/uploads\\\/2021\\\/08\\\/parque-nacional-teide.jpg\",\"contentUrl\":\"https:\\\/\\\/www.casalaganania.es\\\/wp\\\/wp-content\\\/uploads\\\/2021\\\/08\\\/parque-nacional-teide.jpg\"},{\"@type\":\"BreadcrumbList\",\"@id\":\"https:\\\/\\\/www.casalaganania.es\\\/de\\\/national-und-laendliche-parks\\\/#breadcrumb\",\"itemListElement\":[{\"@type\":\"ListItem\",\"position\":1,\"name\":\"Portada\",\"item\":\"https:\\\/\\\/www.casalaganania.es\\\/de\\\/startseite\\\/\"},{\"@type\":\"ListItem\",\"position\":2,\"name\":\"National- und l\u00e4ndliche Parks\"}]},{\"@type\":\"WebSite\",\"@id\":\"https:\\\/\\\/www.casalaganania.es\\\/#website\",\"url\":\"https:\\\/\\\/www.casalaganania.es\\\/\",\"name\":\"La Ga\u00f1an\u00eda Casa Rural\",\"description\":\"Los Realejos, Tenerife\",\"publisher\":{\"@id\":\"https:\\\/\\\/www.casalaganania.es\\\/#organization\"},\"potentialAction\":[{\"@type\":\"SearchAction\",\"target\":{\"@type\":\"EntryPoint\",\"urlTemplate\":\"https:\\\/\\\/www.casalaganania.es\\\/?s={search_term_string}\"},\"query-input\":{\"@type\":\"PropertyValueSpecification\",\"valueRequired\":true,\"valueName\":\"search_term_string\"}}],\"inLanguage\":\"de\"},{\"@type\":\"Organization\",\"@id\":\"https:\\\/\\\/www.casalaganania.es\\\/#organization\",\"name\":\"La Ga\u00f1an\u00eda Casa Rural\",\"url\":\"https:\\\/\\\/www.casalaganania.es\\\/\",\"logo\":{\"@type\":\"ImageObject\",\"inLanguage\":\"de\",\"@id\":\"https:\\\/\\\/www.casalaganania.es\\\/#\\\/schema\\\/logo\\\/image\\\/\",\"url\":\"https:\\\/\\\/www.casalaganania.es\\\/wp\\\/wp-content\\\/uploads\\\/2025\\\/10\\\/Recurso-21.png\",\"contentUrl\":\"https:\\\/\\\/www.casalaganania.es\\\/wp\\\/wp-content\\\/uploads\\\/2025\\\/10\\\/Recurso-21.png\",\"width\":817,\"height\":525,\"caption\":\"La Ga\u00f1an\u00eda Casa Rural \"},\"image\":{\"@id\":\"https:\\\/\\\/www.casalaganania.es\\\/#\\\/schema\\\/logo\\\/image\\\/\"}}]}<\/script>\n<!-- \/ Yoast SEO plugin. -->","yoast_head_json":{"title":"National- und l\u00e4ndliche Parks | La Ga\u00f1an\u00eda Landhaus","description":"Erkunden Sie die einzigartigen National- und l\u00e4ndlichen Parks von Teneriffa von La Ga\u00f1an\u00eda aus. Wandern, Vulkanlandschaften und lebendige Natur.","robots":{"index":"index","follow":"follow","max-snippet":"max-snippet:-1","max-image-preview":"max-image-preview:large","max-video-preview":"max-video-preview:-1"},"canonical":"https:\/\/www.casalaganania.es\/de\/national-und-laendliche-parks\/","og_locale":"de_DE","og_type":"article","og_title":"National- und l\u00e4ndliche Parks | La Ga\u00f1an\u00eda Landhaus","og_description":"Erkunden Sie die einzigartigen National- und l\u00e4ndlichen Parks von Teneriffa von La Ga\u00f1an\u00eda aus. Wandern, Vulkanlandschaften und lebendige Natur.","og_url":"https:\/\/www.casalaganania.es\/de\/national-und-laendliche-parks\/","og_site_name":"La Ga\u00f1an\u00eda Casa Rural","article_modified_time":"2025-11-18T10:51:33+00:00","og_image":[{"width":500,"height":280,"url":"https:\/\/www.casalaganania.es\/wp\/wp-content\/uploads\/2021\/08\/parque-nacional-teide.jpg","type":"image\/jpeg"}],"twitter_card":"summary_large_image","twitter_misc":{"Gesch\u00e4tzte Lesezeit":"1\u00a0Minute"},"schema":{"@context":"https:\/\/schema.org","@graph":[{"@type":"WebPage","@id":"https:\/\/www.casalaganania.es\/de\/national-und-laendliche-parks\/","url":"https:\/\/www.casalaganania.es\/de\/national-und-laendliche-parks\/","name":"National- und l\u00e4ndliche Parks | La Ga\u00f1an\u00eda Landhaus","isPartOf":{"@id":"https:\/\/www.casalaganania.es\/#website"},"primaryImageOfPage":{"@id":"https:\/\/www.casalaganania.es\/de\/national-und-laendliche-parks\/#primaryimage"},"image":{"@id":"https:\/\/www.casalaganania.es\/de\/national-und-laendliche-parks\/#primaryimage"},"thumbnailUrl":"https:\/\/www.casalaganania.es\/wp\/wp-content\/uploads\/2021\/08\/parque-nacional-teide.jpg","datePublished":"2021-08-03T11:37:37+00:00","dateModified":"2025-11-18T10:51:33+00:00","description":"Erkunden Sie die einzigartigen National- und l\u00e4ndlichen Parks von Teneriffa von La Ga\u00f1an\u00eda aus. Wandern, Vulkanlandschaften und lebendige Natur.","breadcrumb":{"@id":"https:\/\/www.casalaganania.es\/de\/national-und-laendliche-parks\/#breadcrumb"},"inLanguage":"de","potentialAction":[{"@type":"ReadAction","target":["https:\/\/www.casalaganania.es\/de\/national-und-laendliche-parks\/"]}]},{"@type":"ImageObject","inLanguage":"de","@id":"https:\/\/www.casalaganania.es\/de\/national-und-laendliche-parks\/#primaryimage","url":"https:\/\/www.casalaganania.es\/wp\/wp-content\/uploads\/2021\/08\/parque-nacional-teide.jpg","contentUrl":"https:\/\/www.casalaganania.es\/wp\/wp-content\/uploads\/2021\/08\/parque-nacional-teide.jpg"},{"@type":"BreadcrumbList","@id":"https:\/\/www.casalaganania.es\/de\/national-und-laendliche-parks\/#breadcrumb","itemListElement":[{"@type":"ListItem","position":1,"name":"Portada","item":"https:\/\/www.casalaganania.es\/de\/startseite\/"},{"@type":"ListItem","position":2,"name":"National- und l\u00e4ndliche Parks"}]},{"@type":"WebSite","@id":"https:\/\/www.casalaganania.es\/#website","url":"https:\/\/www.casalaganania.es\/","name":"La Ga\u00f1an\u00eda Casa Rural","description":"Los Realejos, Tenerife","publisher":{"@id":"https:\/\/www.casalaganania.es\/#organization"},"potentialAction":[{"@type":"SearchAction","target":{"@type":"EntryPoint","urlTemplate":"https:\/\/www.casalaganania.es\/?s={search_term_string}"},"query-input":{"@type":"PropertyValueSpecification","valueRequired":true,"valueName":"search_term_string"}}],"inLanguage":"de"},{"@type":"Organization","@id":"https:\/\/www.casalaganania.es\/#organization","name":"La Ga\u00f1an\u00eda Casa Rural","url":"https:\/\/www.casalaganania.es\/","logo":{"@type":"ImageObject","inLanguage":"de","@id":"https:\/\/www.casalaganania.es\/#\/schema\/logo\/image\/","url":"https:\/\/www.casalaganania.es\/wp\/wp-content\/uploads\/2025\/10\/Recurso-21.png","contentUrl":"https:\/\/www.casalaganania.es\/wp\/wp-content\/uploads\/2025\/10\/Recurso-21.png","width":817,"height":525,"caption":"La Ga\u00f1an\u00eda Casa Rural "},"image":{"@id":"https:\/\/www.casalaganania.es\/#\/schema\/logo\/image\/"}}]}},"_links":{"self":[{"href":"https:\/\/www.casalaganania.es\/de\/wp-json\/wp\/v2\/pages\/4840","targetHints":{"allow":["GET"]}}],"collection":[{"href":"https:\/\/www.casalaganania.es\/de\/wp-json\/wp\/v2\/pages"}],"about":[{"href":"https:\/\/www.casalaganania.es\/de\/wp-json\/wp\/v2\/types\/page"}],"author":[{"embeddable":true,"href":"https:\/\/www.casalaganania.es\/de\/wp-json\/wp\/v2\/users\/1"}],"replies":[{"embeddable":true,"href":"https:\/\/www.casalaganania.es\/de\/wp-json\/wp\/v2\/comments?post=4840"}],"version-history":[{"count":1,"href":"https:\/\/www.casalaganania.es\/de\/wp-json\/wp\/v2\/pages\/4840\/revisions"}],"predecessor-version":[{"id":4875,"href":"https:\/\/www.casalaganania.es\/de\/wp-json\/wp\/v2\/pages\/4840\/revisions\/4875"}],"wp:attachment":[{"href":"https:\/\/www.casalaganania.es\/de\/wp-json\/wp\/v2\/media?parent=4840"}],"curies":[{"name":"wp","href":"https:\/\/api.w.org\/{rel}","templated":true}]}}