{"id":4794,"date":"2021-06-29T15:18:30","date_gmt":"2021-06-29T15:18:30","guid":{"rendered":"https:\/\/www.casalaganania.es\/lage\/"},"modified":"2025-11-18T10:51:33","modified_gmt":"2025-11-18T10:51:33","slug":"lage","status":"publish","type":"page","link":"https:\/\/www.casalaganania.es\/de\/lage\/","title":{"rendered":"Lage"},"content":{"rendered":"\t\t<div data-elementor-type=\"wp-page\" data-elementor-id=\"4794\" class=\"elementor elementor-4794 elementor-2454\" data-elementor-post-type=\"page\">\n\t\t\t\t<div class=\"elementor-element elementor-element-a3432de e-con-full e-flex e-con e-parent\" data-id=\"a3432de\" data-element_type=\"container\" data-e-type=\"container\" data-settings=\"{&quot;background_background&quot;:&quot;classic&quot;}\">\n\t\t<div class=\"elementor-element elementor-element-b0fb366 e-con-full e-flex e-con e-child\" data-id=\"b0fb366\" data-element_type=\"container\" data-e-type=\"container\">\n\t\t\t\t<div class=\"elementor-element elementor-element-134a4c0 elementor-widget elementor-widget-heading\" data-id=\"134a4c0\" data-element_type=\"widget\" data-e-type=\"widget\" data-widget_type=\"heading.default\">\n\t\t\t\t\t<h1 class=\"elementor-heading-title elementor-size-default\">LAGE<\/h1>\t\t\t\t<\/div>\n\t\t\t\t<div class=\"elementor-element elementor-element-9be7c87 elementor-widget elementor-widget-heading\" data-id=\"9be7c87\" data-element_type=\"widget\" data-e-type=\"widget\" data-widget_type=\"heading.default\">\n\t\t\t\t\t<h2 class=\"elementor-heading-title elementor-size-default\"><em>Los Realejos,<\/em> im <em>Orotava-Tal<\/em><\/h2>\t\t\t\t<\/div>\n\t\t\t\t<div class=\"elementor-element elementor-element-6b1e9ff elementor-widget elementor-widget-text-editor\" data-id=\"6b1e9ff\" data-element_type=\"widget\" data-e-type=\"widget\" data-widget_type=\"text-editor.default\">\n\t\t\t\t\t\t\t\t\t<p>Die Villa de Los Realejos liegt im Norden der Insel Teneriffa.<br>Mit einer Fl\u00e4che von 57,5 Quadratkilometern und einer Bev\u00f6lkerung von fast 38.000 Einwohnern verbindet sie auf au\u00dfergew\u00f6hnliche Weise Natur, Abenteuer, Geschichte, Fortschritt und Tradition, was sie zu einer der festlichsten Gemeinden Spaniens macht.<\/p>\n<p>Zu Fu\u00df in die Tiefen einer Schlucht vordringen und die Geheimnisse der Flora und Fauna der Insel entdecken; sich mit dem Gleitschirm in die Leere st\u00fcrzen und die Freiheit eines Vogels im Flug erleben; die abwechslungsreiche und exquisite Gastronomie in Begleitung eines Glases des besten Wei\u00dfweins Teneriffas genie\u00dfen; oder in einem der sch\u00f6nen Landh\u00e4user \u00fcbernachten\u2026<\/p>\n<p>In Los Realejos ist alles m\u00f6glich.<\/p>\n<p> <\/p>\t\t\t\t\t\t\t\t<\/div>\n\t\t\t\t<div class=\"elementor-element elementor-element-719b5e8 elementor-widget elementor-widget-n-accordion\" data-id=\"719b5e8\" data-element_type=\"widget\" data-e-type=\"widget\" data-settings=\"{&quot;default_state&quot;:&quot;all_collapsed&quot;,&quot;max_items_expended&quot;:&quot;one&quot;,&quot;n_accordion_animation_duration&quot;:{&quot;unit&quot;:&quot;ms&quot;,&quot;size&quot;:400,&quot;sizes&quot;:[]}}\" data-widget_type=\"nested-accordion.default\">\n\t\t\t\t\t\t\t<div class=\"e-n-accordion\" aria-label=\"Accordion. Open links with Enter or Space, close with Escape, and navigate with Arrow Keys\">\n\t\t\t\t\t\t<details id=\"e-n-accordion-item-1190\" class=\"e-n-accordion-item\" >\n\t\t\t\t<summary class=\"e-n-accordion-item-title\" data-accordion-index=\"1\" tabindex=\"0\" aria-expanded=\"false\" aria-controls=\"e-n-accordion-item-1190\" >\n\t\t\t\t\t<span class='e-n-accordion-item-title-header'><div class=\"e-n-accordion-item-title-text\"> MEHR LESEN <\/div><\/span>\n\t\t\t\t\t\t\t<span class='e-n-accordion-item-title-icon'>\n\t\t\t<span class='e-opened' ><svg aria-hidden=\"true\" class=\"e-font-icon-svg e-fas-chevron-up\" viewBox=\"0 0 448 512\" xmlns=\"http:\/\/www.w3.org\/2000\/svg\"><path d=\"M240.971 130.524l194.343 194.343c9.373 9.373 9.373 24.569 0 33.941l-22.667 22.667c-9.357 9.357-24.522 9.375-33.901.04L224 227.495 69.255 381.516c-9.379 9.335-24.544 9.317-33.901-.04l-22.667-22.667c-9.373-9.373-9.373-24.569 0-33.941L207.03 130.525c9.372-9.373 24.568-9.373 33.941-.001z\"><\/path><\/svg><\/span>\n\t\t\t<span class='e-closed'><svg aria-hidden=\"true\" class=\"e-font-icon-svg e-fas-chevron-down\" viewBox=\"0 0 448 512\" xmlns=\"http:\/\/www.w3.org\/2000\/svg\"><path d=\"M207.029 381.476L12.686 187.132c-9.373-9.373-9.373-24.569 0-33.941l22.667-22.667c9.357-9.357 24.522-9.375 33.901-.04L224 284.505l154.745-154.021c9.379-9.335 24.544-9.317 33.901.04l22.667 22.667c9.373 9.373 9.373 24.569 0 33.941L240.971 381.476c-9.373 9.372-24.569 9.372-33.942 0z\"><\/path><\/svg><\/span>\n\t\t<\/span>\n\n\t\t\t\t\t\t<\/summary>\n\t\t\t\t<div role=\"region\" aria-labelledby=\"e-n-accordion-item-1190\" class=\"elementor-element elementor-element-1182955 e-con-full e-flex e-con e-child\" data-id=\"1182955\" data-element_type=\"container\" data-e-type=\"container\">\n\t\t\t\t<div class=\"elementor-element elementor-element-6aa2f81 elementor-widget__width-inherit elementor-widget elementor-widget-text-editor\" data-id=\"6aa2f81\" data-element_type=\"widget\" data-e-type=\"widget\" data-widget_type=\"text-editor.default\">\n\t\t\t\t\t\t\t\t\t<p>Die Geschichte der Gemeinde ist eng mit dem Ende der Eroberung der Insel Teneriffa verbunden, da hier die Kapitulation der tapferen Guanchen-Menceyes stattfand.<\/p>\n<p>Der Historiker Jos\u00e9 de Viera y Clavijo aus Realejo berichtet:<\/p>\n<p>\u201eDiese ber\u00fchmte Position beider Armeen gab diesem Gebiet von da an seinen Namen. So wurde die Gegend, in der sich die Eroberer befanden, Realejo de Arriba genannt, und die, die von den Guanchen besetzt war, Realejo de Abajo.\u201c<\/p>\n<p>Der Historiker Millares Torres f\u00fcgt hinzu:<\/p>\n<p>\u201eAm Morgen des 25. Juli, an dem die Kirche das Fest von Santiago feiert, \u00fcberquerten die f\u00fcnf Guanchenk\u00f6nige Bencomo, Beneharo, Acaymo, Tegueste und Zebenzui die Schlucht, die die beiden Lager trennte: und als der General mit wehenden Fahnen, Pauken, Klarinen und in Begleitung seiner wichtigsten Offiziere ihnen entgegentrat, umarmte er Bencomo liebevoll.\u201c<\/p>\n<p>Dieses Ereignis markierte das Ende der Eroberung Teneriffas und die endg\u00fcltige Eingliederung der Kanarischen Inseln in die Krone von Kastilien.<\/p>\t\t\t\t\t\t\t\t<\/div>\n\t\t\t\t<\/div>\n\t\t\t\t\t<\/details>\n\t\t\t\t\t<\/div>\n\t\t\t\t\t\t<\/div>\n\t\t\t\t<\/div>\n\t\t<div class=\"elementor-element elementor-element-f88dc4e e-con-full e-flex e-con e-child\" data-id=\"f88dc4e\" data-element_type=\"container\" data-e-type=\"container\" data-settings=\"{&quot;background_background&quot;:&quot;classic&quot;}\">\n\t\t\t\t<div class=\"elementor-element elementor-element-13661a6 elementor-widget elementor-widget-image\" data-id=\"13661a6\" data-element_type=\"widget\" data-e-type=\"widget\" data-widget_type=\"image.default\">\n\t\t\t\t\t\t\t\t\t\t\t\t\t\t\t<img fetchpriority=\"high\" decoding=\"async\" width=\"800\" height=\"1000\" src=\"https:\/\/www.casalaganania.es\/wp\/wp-content\/uploads\/2025\/10\/los-realejos-819x1024.jpg\" class=\"attachment-large size-large wp-image-4797\" alt=\"\" srcset=\"https:\/\/www.casalaganania.es\/wp\/wp-content\/uploads\/2025\/10\/los-realejos-819x1024.jpg 819w, https:\/\/www.casalaganania.es\/wp\/wp-content\/uploads\/2025\/10\/los-realejos-240x300.jpg 240w, https:\/\/www.casalaganania.es\/wp\/wp-content\/uploads\/2025\/10\/los-realejos-768x960.jpg 768w, https:\/\/www.casalaganania.es\/wp\/wp-content\/uploads\/2025\/10\/los-realejos.jpg 1200w\" sizes=\"(max-width: 800px) 100vw, 800px\" \/>\t\t\t\t\t\t\t\t\t\t\t\t\t\t\t<\/div>\n\t\t\t\t<\/div>\n\t\t\t\t<\/div>\n\t\t<div class=\"elementor-element elementor-element-1af7cf1 e-con-full e-flex e-con e-parent\" data-id=\"1af7cf1\" data-element_type=\"container\" data-e-type=\"container\" data-settings=\"{&quot;background_background&quot;:&quot;classic&quot;}\">\n\t\t<div class=\"elementor-element elementor-element-169cd72 e-con-full e-flex e-con e-child\" data-id=\"169cd72\" data-element_type=\"container\" data-e-type=\"container\" data-settings=\"{&quot;background_background&quot;:&quot;classic&quot;}\">\n\t\t\t\t<div class=\"elementor-element elementor-element-ffd3687 elementor-widget elementor-widget-google_maps\" data-id=\"ffd3687\" data-element_type=\"widget\" data-e-type=\"widget\" data-widget_type=\"google_maps.default\">\n\t\t\t\t\t\t\t<div class=\"elementor-custom-embed\">\n\t\t\t<iframe loading=\"lazy\"\n\t\t\t\t\tsrc=\"https:\/\/maps.google.com\/maps?q=C.%20los%20Afligidos%2C%204%2C%2038419%20Los%20Realejos%2C%20Santa%20Cruz%20de%20Tenerife&#038;t=m&#038;z=9&#038;output=embed&#038;iwloc=near\"\n\t\t\t\t\ttitle=\"C. los Afligidos, 4, 38419 Los Realejos, Santa Cruz de Tenerife\"\n\t\t\t\t\taria-label=\"C. los Afligidos, 4, 38419 Los Realejos, Santa Cruz de Tenerife\"\n\t\t\t><\/iframe>\n\t\t<\/div>\n\t\t\t\t\t\t<\/div>\n\t\t\t\t<\/div>\n\t\t<div class=\"elementor-element elementor-element-36a859e e-con-full e-flex e-con e-child\" data-id=\"36a859e\" data-element_type=\"container\" data-e-type=\"container\">\n\t\t\t\t<div class=\"elementor-element elementor-element-ffda0fa elementor-widget elementor-widget-heading\" data-id=\"ffda0fa\" data-element_type=\"widget\" data-e-type=\"widget\" data-widget_type=\"heading.default\">\n\t\t\t\t\t<h2 class=\"elementor-heading-title elementor-size-default\">Anfahrt<\/h2>\t\t\t\t<\/div>\n\t\t\t\t<div class=\"elementor-element elementor-element-0fa35b8 elementor-widget elementor-widget-heading\" data-id=\"0fa35b8\" data-element_type=\"widget\" data-e-type=\"widget\" data-widget_type=\"heading.default\">\n\t\t\t\t\t<h2 class=\"elementor-heading-title elementor-size-default\">Alle <em>Informationen<\/em>, die Sie ben\u00f6tigen, um <em>bequem<\/em> anzureisen.<\/h2>\t\t\t\t<\/div>\n\t\t\t\t<div class=\"elementor-element elementor-element-9133047 elementor-icon-list--layout-traditional elementor-list-item-link-full_width elementor-widget elementor-widget-icon-list\" data-id=\"9133047\" data-element_type=\"widget\" data-e-type=\"widget\" data-widget_type=\"icon-list.default\">\n\t\t\t\t\t\t\t<ul class=\"elementor-icon-list-items\">\n\t\t\t\t\t\t\t<li class=\"elementor-icon-list-item\">\n\t\t\t\t\t\t\t\t\t\t\t<a href=\"https:\/\/www.google.es\/maps\/place\/Casa+Rural+La+Ga%C3%B1an%C3%ADa\/@28.3851559,-16.5739379,17z\/data=!3m1!4b1!4m6!3m5!1s0xc6a80790d0b68e5:0xab8c294f1375f33a!8m2!3d28.3851559!4d-16.5739379!16s%2Fg%2F1w4f9b_k?entry=ttu&#038;g_ep=EgoyMDI1MTAyMi4wIKXMDSoASAFQAw%3D%3D\" target=\"_blank\">\n\n\t\t\t\t\t\t\t\t\t\t\t\t<span class=\"elementor-icon-list-icon\">\n\t\t\t\t\t\t\t<svg aria-hidden=\"true\" class=\"e-font-icon-svg e-fas-map-marker-alt\" viewBox=\"0 0 384 512\" xmlns=\"http:\/\/www.w3.org\/2000\/svg\"><path d=\"M172.268 501.67C26.97 291.031 0 269.413 0 192 0 85.961 85.961 0 192 0s192 85.961 192 192c0 77.413-26.97 99.031-172.268 309.67-9.535 13.774-29.93 13.773-39.464 0zM192 272c44.183 0 80-35.817 80-80s-35.817-80-80-80-80 35.817-80 80 35.817 80 80 80z\"><\/path><\/svg>\t\t\t\t\t\t<\/span>\n\t\t\t\t\t\t\t\t\t\t<span class=\"elementor-icon-list-text\">C. los Afligidos, 4, 38419 Los Realejos, Santa Cruz de Tenerife<\/span>\n\t\t\t\t\t\t\t\t\t\t\t<\/a>\n\t\t\t\t\t\t\t\t\t<\/li>\n\t\t\t\t\t\t<\/ul>\n\t\t\t\t\t\t<\/div>\n\t\t\t\t<div class=\"elementor-element elementor-element-daa39c7 elementor-widget elementor-widget-n-accordion\" data-id=\"daa39c7\" data-element_type=\"widget\" data-e-type=\"widget\" data-settings=\"{&quot;default_state&quot;:&quot;all_collapsed&quot;,&quot;max_items_expended&quot;:&quot;one&quot;,&quot;n_accordion_animation_duration&quot;:{&quot;unit&quot;:&quot;ms&quot;,&quot;size&quot;:400,&quot;sizes&quot;:[]}}\" data-widget_type=\"nested-accordion.default\">\n\t\t\t\t\t\t\t<div class=\"e-n-accordion\" aria-label=\"Accordion. Open links with Enter or Space, close with Escape, and navigate with Arrow Keys\">\n\t\t\t\t\t\t<details id=\"e-n-accordion-item-2290\" class=\"e-n-accordion-item\" >\n\t\t\t\t<summary class=\"e-n-accordion-item-title\" data-accordion-index=\"1\" tabindex=\"0\" aria-expanded=\"false\" aria-controls=\"e-n-accordion-item-2290\" >\n\t\t\t\t\t<span class='e-n-accordion-item-title-header'><div class=\"e-n-accordion-item-title-text\"> Vom Flughafen Teneriffa Nord <\/div><\/span>\n\t\t\t\t\t\t\t<span class='e-n-accordion-item-title-icon'>\n\t\t\t<span class='e-opened' ><svg aria-hidden=\"true\" class=\"e-font-icon-svg e-fas-chevron-up\" viewBox=\"0 0 448 512\" xmlns=\"http:\/\/www.w3.org\/2000\/svg\"><path d=\"M240.971 130.524l194.343 194.343c9.373 9.373 9.373 24.569 0 33.941l-22.667 22.667c-9.357 9.357-24.522 9.375-33.901.04L224 227.495 69.255 381.516c-9.379 9.335-24.544 9.317-33.901-.04l-22.667-22.667c-9.373-9.373-9.373-24.569 0-33.941L207.03 130.525c9.372-9.373 24.568-9.373 33.941-.001z\"><\/path><\/svg><\/span>\n\t\t\t<span class='e-closed'><svg aria-hidden=\"true\" class=\"e-font-icon-svg e-fas-chevron-down\" viewBox=\"0 0 448 512\" xmlns=\"http:\/\/www.w3.org\/2000\/svg\"><path d=\"M207.029 381.476L12.686 187.132c-9.373-9.373-9.373-24.569 0-33.941l22.667-22.667c9.357-9.357 24.522-9.375 33.901-.04L224 284.505l154.745-154.021c9.379-9.335 24.544-9.317 33.901.04l22.667 22.667c9.373 9.373 9.373 24.569 0 33.941L240.971 381.476c-9.373 9.372-24.569 9.372-33.942 0z\"><\/path><\/svg><\/span>\n\t\t<\/span>\n\n\t\t\t\t\t\t<\/summary>\n\t\t\t\t<div role=\"region\" aria-labelledby=\"e-n-accordion-item-2290\" class=\"elementor-element elementor-element-b5041dd e-con-full e-flex e-con e-child\" data-id=\"b5041dd\" data-element_type=\"container\" data-e-type=\"container\">\n\t\t\t\t<div class=\"elementor-element elementor-element-9c3599e elementor-widget__width-inherit elementor-widget elementor-widget-text-editor\" data-id=\"9c3599e\" data-element_type=\"widget\" data-e-type=\"widget\" data-widget_type=\"text-editor.default\">\n\t\t\t\t\t\t\t\t\t<p>Nehmen Sie die Nordautobahn TF-5 in Richtung Puerto de la Cruz, Icod de los Vinos und nehmen Sie nach ca. 28 Kilometern die Ausfahrt Nr. 39, wo die Autobahn endet.<\/p>\n<p>Nehmen Sie im ersten Kreisverkehr die dritte Ausfahrt, um die Autobahn zu \u00fcberqueren und zum n\u00e4chsten Kreisverkehr zu gelangen, wo Sie die zweite Ausfahrt in Richtung Los Realejos nehmen. Nach wenigen Metern ordnen Sie sich auf der mittleren Spur ein, um links in die Calle Los Cuartos abzubiegen. Dieser Anstieg endet an der TF-333, gegen\u00fcber einer SHELL-Tankstelle. Wir biegen rechts ab und wenn wir zu einem Kreisverkehr kommen, fahren wir ca. 300 m auf der TF-333 zur\u00fcck und biegen vor dem n\u00e4chsten Kreisverkehr in die Calle Los Afligidos ein, bis wir das Haus erreichen.   <\/p>\n<p>Details zur Route anzeigen unter: <a href=\"https:\/\/goo.gl\/maps\/FrPLNB7pGsVhpsPN8\">https:\/\/goo.gl\/maps\/FrPLNB7pGsVhpsPN8<\/a><\/p>\n<p> <\/p>\t\t\t\t\t\t\t\t<\/div>\n\t\t\t\t<\/div>\n\t\t\t\t\t<\/details>\n\t\t\t\t\t\t<details id=\"e-n-accordion-item-2291\" class=\"e-n-accordion-item\" >\n\t\t\t\t<summary class=\"e-n-accordion-item-title\" data-accordion-index=\"2\" tabindex=\"-1\" aria-expanded=\"false\" aria-controls=\"e-n-accordion-item-2291\" >\n\t\t\t\t\t<span class='e-n-accordion-item-title-header'><div class=\"e-n-accordion-item-title-text\"> Vom Flughafen Teneriffa S\u00fcd <\/div><\/span>\n\t\t\t\t\t\t\t<span class='e-n-accordion-item-title-icon'>\n\t\t\t<span class='e-opened' ><svg aria-hidden=\"true\" class=\"e-font-icon-svg e-fas-chevron-up\" viewBox=\"0 0 448 512\" xmlns=\"http:\/\/www.w3.org\/2000\/svg\"><path d=\"M240.971 130.524l194.343 194.343c9.373 9.373 9.373 24.569 0 33.941l-22.667 22.667c-9.357 9.357-24.522 9.375-33.901.04L224 227.495 69.255 381.516c-9.379 9.335-24.544 9.317-33.901-.04l-22.667-22.667c-9.373-9.373-9.373-24.569 0-33.941L207.03 130.525c9.372-9.373 24.568-9.373 33.941-.001z\"><\/path><\/svg><\/span>\n\t\t\t<span class='e-closed'><svg aria-hidden=\"true\" class=\"e-font-icon-svg e-fas-chevron-down\" viewBox=\"0 0 448 512\" xmlns=\"http:\/\/www.w3.org\/2000\/svg\"><path d=\"M207.029 381.476L12.686 187.132c-9.373-9.373-9.373-24.569 0-33.941l22.667-22.667c9.357-9.357 24.522-9.375 33.901-.04L224 284.505l154.745-154.021c9.379-9.335 24.544-9.317 33.901.04l22.667 22.667c9.373 9.373 9.373 24.569 0 33.941L240.971 381.476c-9.373 9.372-24.569 9.372-33.942 0z\"><\/path><\/svg><\/span>\n\t\t<\/span>\n\n\t\t\t\t\t\t<\/summary>\n\t\t\t\t<div role=\"region\" aria-labelledby=\"e-n-accordion-item-2291\" class=\"elementor-element elementor-element-b02a884 e-con-full e-flex e-con e-child\" data-id=\"b02a884\" data-element_type=\"container\" data-e-type=\"container\">\n\t\t\t\t<div class=\"elementor-element elementor-element-1b2555d elementor-widget__width-inherit elementor-widget elementor-widget-text-editor\" data-id=\"1b2555d\" data-element_type=\"widget\" data-e-type=\"widget\" data-widget_type=\"text-editor.default\">\n\t\t\t\t\t\t\t\t\t<p>Fahren Sie auf der Autobahn TF-1 in Richtung Santa Cruz. Nehmen Sie die Ausfahrt Nr. 6 in Richtung TF-2\/ La Laguna \/ Aeropuerto Norte. Fahren Sie ca. 4 Kilometer auf der TF-2 weiter und halten Sie sich links, um auf die Autobahn TF-5 aufzufahren.  <\/p>\n<p>Fahren Sie auf der TF-5 weiter in Richtung Puerto de la Cruz, Icod de los Vinos und nehmen Sie nach ca. 28 Kilometern die Ausfahrt Nr. 39, wo die Autobahn endet. Nehmen Sie im ersten Kreisverkehr die dritte Ausfahrt, um die Autobahn zu \u00fcberqueren und zum n\u00e4chsten Kreisverkehr zu gelangen, wo Sie die zweite Ausfahrt in Richtung Los Realejos nehmen. Nach wenigen Metern ordnen Sie sich auf der mittleren Spur ein, um links in die Calle Los Cuartos abzubiegen. Dieser Anstieg endet an der TF-333, gegen\u00fcber einer SHELL-Tankstelle. Wir biegen rechts ab und wenn wir zu einem Kreisverkehr kommen, fahren wir ca. 300 m auf der TF-333 zur\u00fcck und biegen vor dem n\u00e4chsten Kreisverkehr in die Calle Los Afligidos ein, bis wir das Haus erreichen.    <\/p>\n<p>Details zur Route anzeigen unter: <a href=\"https:\/\/goo.gl\/maps\/vKjc7vBjMEogjtjP9\">https:\/\/goo.gl\/maps\/vKjc7vBjMEogjtjP9<\/a><\/p>\n<p> <\/p>\t\t\t\t\t\t\t\t<\/div>\n\t\t\t\t<\/div>\n\t\t\t\t\t<\/details>\n\t\t\t\t\t<\/div>\n\t\t\t\t\t\t<\/div>\n\t\t\t\t<\/div>\n\t\t\t\t<\/div>\n\t\t\t\t<\/div>\n\t\t","protected":false},"excerpt":{"rendered":"<p>LAGE Los Realejos, im Orotava-Tal Die Villa de Los Realejos liegt im Norden der Insel Teneriffa.Mit einer Fl\u00e4che von 57,5 Quadratkilometern und einer Bev\u00f6lkerung von fast 38.000 Einwohnern verbindet sie auf au\u00dfergew\u00f6hnliche Weise Natur, Abenteuer, Geschichte, Fortschritt und Tradition, was sie zu einer der festlichsten Gemeinden Spaniens macht. Zu Fu\u00df in die Tiefen einer Schlucht [&hellip;]<\/p>\n","protected":false},"author":1,"featured_media":0,"parent":0,"menu_order":12,"comment_status":"closed","ping_status":"closed","template":"","meta":{"footnotes":""},"class_list":["post-4794","page","type-page","status-publish","hentry"],"yoast_head":"<!-- This site is optimized with the Yoast SEO plugin v27.3 - https:\/\/yoast.com\/product\/yoast-seo-wordpress\/ -->\n<title>Lage | La Ga\u00f1an\u00eda Landhaus<\/title>\n<meta name=\"description\" content=\"Entdecken Sie, wo sich La Ga\u00f1an\u00eda befindet, unser Landhaus in Los Realejos, im Norden von Teneriffa. Anfahrt und Sehensw\u00fcrdigkeiten in der N\u00e4he dieser einzigartigen Lage.\" \/>\n<meta name=\"robots\" content=\"index, follow, max-snippet:-1, max-image-preview:large, max-video-preview:-1\" \/>\n<link rel=\"canonical\" href=\"https:\/\/www.casalaganania.es\/de\/lage\/\" \/>\n<meta property=\"og:locale\" content=\"de_DE\" \/>\n<meta property=\"og:type\" content=\"article\" \/>\n<meta property=\"og:title\" content=\"Lage | La Ga\u00f1an\u00eda Landhaus\" \/>\n<meta property=\"og:description\" content=\"Entdecken Sie, wo sich La Ga\u00f1an\u00eda befindet, unser Landhaus in Los Realejos, im Norden von Teneriffa. Anfahrt und Sehensw\u00fcrdigkeiten in der N\u00e4he dieser einzigartigen Lage.\" \/>\n<meta property=\"og:url\" content=\"https:\/\/www.casalaganania.es\/de\/lage\/\" \/>\n<meta property=\"og:site_name\" content=\"La Ga\u00f1an\u00eda Casa Rural\" \/>\n<meta property=\"article:modified_time\" content=\"2025-11-18T10:51:33+00:00\" \/>\n<meta property=\"og:image\" content=\"https:\/\/www.casalaganania.es\/wp\/wp-content\/uploads\/2025\/10\/los-realejos.jpg\" \/>\n\t<meta property=\"og:image:width\" content=\"1200\" \/>\n\t<meta property=\"og:image:height\" content=\"1500\" \/>\n\t<meta property=\"og:image:type\" content=\"image\/jpeg\" \/>\n<meta name=\"twitter:card\" content=\"summary_large_image\" \/>\n<meta name=\"twitter:label1\" content=\"Gesch\u00e4tzte Lesezeit\" \/>\n\t<meta name=\"twitter:data1\" content=\"5\u00a0Minuten\" \/>\n<script type=\"application\/ld+json\" class=\"yoast-schema-graph\">{\"@context\":\"https:\\\/\\\/schema.org\",\"@graph\":[{\"@type\":\"WebPage\",\"@id\":\"https:\\\/\\\/www.casalaganania.es\\\/de\\\/lage\\\/\",\"url\":\"https:\\\/\\\/www.casalaganania.es\\\/de\\\/lage\\\/\",\"name\":\"Lage | La Ga\u00f1an\u00eda Landhaus\",\"isPartOf\":{\"@id\":\"https:\\\/\\\/www.casalaganania.es\\\/#website\"},\"primaryImageOfPage\":{\"@id\":\"https:\\\/\\\/www.casalaganania.es\\\/de\\\/lage\\\/#primaryimage\"},\"image\":{\"@id\":\"https:\\\/\\\/www.casalaganania.es\\\/de\\\/lage\\\/#primaryimage\"},\"thumbnailUrl\":\"https:\\\/\\\/www.casalaganania.es\\\/wp\\\/wp-content\\\/uploads\\\/2025\\\/10\\\/los-realejos-819x1024.jpg\",\"datePublished\":\"2021-06-29T15:18:30+00:00\",\"dateModified\":\"2025-11-18T10:51:33+00:00\",\"description\":\"Entdecken Sie, wo sich La Ga\u00f1an\u00eda befindet, unser Landhaus in Los Realejos, im Norden von Teneriffa. Anfahrt und Sehensw\u00fcrdigkeiten in der N\u00e4he dieser einzigartigen Lage.\",\"breadcrumb\":{\"@id\":\"https:\\\/\\\/www.casalaganania.es\\\/de\\\/lage\\\/#breadcrumb\"},\"inLanguage\":\"de\",\"potentialAction\":[{\"@type\":\"ReadAction\",\"target\":[\"https:\\\/\\\/www.casalaganania.es\\\/de\\\/lage\\\/\"]}]},{\"@type\":\"ImageObject\",\"inLanguage\":\"de\",\"@id\":\"https:\\\/\\\/www.casalaganania.es\\\/de\\\/lage\\\/#primaryimage\",\"url\":\"https:\\\/\\\/www.casalaganania.es\\\/wp\\\/wp-content\\\/uploads\\\/2025\\\/10\\\/los-realejos-819x1024.jpg\",\"contentUrl\":\"https:\\\/\\\/www.casalaganania.es\\\/wp\\\/wp-content\\\/uploads\\\/2025\\\/10\\\/los-realejos-819x1024.jpg\"},{\"@type\":\"BreadcrumbList\",\"@id\":\"https:\\\/\\\/www.casalaganania.es\\\/de\\\/lage\\\/#breadcrumb\",\"itemListElement\":[{\"@type\":\"ListItem\",\"position\":1,\"name\":\"Portada\",\"item\":\"https:\\\/\\\/www.casalaganania.es\\\/de\\\/startseite\\\/\"},{\"@type\":\"ListItem\",\"position\":2,\"name\":\"Lage\"}]},{\"@type\":\"WebSite\",\"@id\":\"https:\\\/\\\/www.casalaganania.es\\\/#website\",\"url\":\"https:\\\/\\\/www.casalaganania.es\\\/\",\"name\":\"La Ga\u00f1an\u00eda Casa Rural\",\"description\":\"Los Realejos, Tenerife\",\"publisher\":{\"@id\":\"https:\\\/\\\/www.casalaganania.es\\\/#organization\"},\"potentialAction\":[{\"@type\":\"SearchAction\",\"target\":{\"@type\":\"EntryPoint\",\"urlTemplate\":\"https:\\\/\\\/www.casalaganania.es\\\/?s={search_term_string}\"},\"query-input\":{\"@type\":\"PropertyValueSpecification\",\"valueRequired\":true,\"valueName\":\"search_term_string\"}}],\"inLanguage\":\"de\"},{\"@type\":\"Organization\",\"@id\":\"https:\\\/\\\/www.casalaganania.es\\\/#organization\",\"name\":\"La Ga\u00f1an\u00eda Casa Rural\",\"url\":\"https:\\\/\\\/www.casalaganania.es\\\/\",\"logo\":{\"@type\":\"ImageObject\",\"inLanguage\":\"de\",\"@id\":\"https:\\\/\\\/www.casalaganania.es\\\/#\\\/schema\\\/logo\\\/image\\\/\",\"url\":\"https:\\\/\\\/www.casalaganania.es\\\/wp\\\/wp-content\\\/uploads\\\/2025\\\/10\\\/Recurso-21.png\",\"contentUrl\":\"https:\\\/\\\/www.casalaganania.es\\\/wp\\\/wp-content\\\/uploads\\\/2025\\\/10\\\/Recurso-21.png\",\"width\":817,\"height\":525,\"caption\":\"La Ga\u00f1an\u00eda Casa Rural \"},\"image\":{\"@id\":\"https:\\\/\\\/www.casalaganania.es\\\/#\\\/schema\\\/logo\\\/image\\\/\"}}]}<\/script>\n<!-- \/ Yoast SEO plugin. -->","yoast_head_json":{"title":"Lage | La Ga\u00f1an\u00eda Landhaus","description":"Entdecken Sie, wo sich La Ga\u00f1an\u00eda befindet, unser Landhaus in Los Realejos, im Norden von Teneriffa. Anfahrt und Sehensw\u00fcrdigkeiten in der N\u00e4he dieser einzigartigen Lage.","robots":{"index":"index","follow":"follow","max-snippet":"max-snippet:-1","max-image-preview":"max-image-preview:large","max-video-preview":"max-video-preview:-1"},"canonical":"https:\/\/www.casalaganania.es\/de\/lage\/","og_locale":"de_DE","og_type":"article","og_title":"Lage | La Ga\u00f1an\u00eda Landhaus","og_description":"Entdecken Sie, wo sich La Ga\u00f1an\u00eda befindet, unser Landhaus in Los Realejos, im Norden von Teneriffa. Anfahrt und Sehensw\u00fcrdigkeiten in der N\u00e4he dieser einzigartigen Lage.","og_url":"https:\/\/www.casalaganania.es\/de\/lage\/","og_site_name":"La Ga\u00f1an\u00eda Casa Rural","article_modified_time":"2025-11-18T10:51:33+00:00","og_image":[{"width":1200,"height":1500,"url":"https:\/\/www.casalaganania.es\/wp\/wp-content\/uploads\/2025\/10\/los-realejos.jpg","type":"image\/jpeg"}],"twitter_card":"summary_large_image","twitter_misc":{"Gesch\u00e4tzte Lesezeit":"5\u00a0Minuten"},"schema":{"@context":"https:\/\/schema.org","@graph":[{"@type":"WebPage","@id":"https:\/\/www.casalaganania.es\/de\/lage\/","url":"https:\/\/www.casalaganania.es\/de\/lage\/","name":"Lage | La Ga\u00f1an\u00eda Landhaus","isPartOf":{"@id":"https:\/\/www.casalaganania.es\/#website"},"primaryImageOfPage":{"@id":"https:\/\/www.casalaganania.es\/de\/lage\/#primaryimage"},"image":{"@id":"https:\/\/www.casalaganania.es\/de\/lage\/#primaryimage"},"thumbnailUrl":"https:\/\/www.casalaganania.es\/wp\/wp-content\/uploads\/2025\/10\/los-realejos-819x1024.jpg","datePublished":"2021-06-29T15:18:30+00:00","dateModified":"2025-11-18T10:51:33+00:00","description":"Entdecken Sie, wo sich La Ga\u00f1an\u00eda befindet, unser Landhaus in Los Realejos, im Norden von Teneriffa. Anfahrt und Sehensw\u00fcrdigkeiten in der N\u00e4he dieser einzigartigen Lage.","breadcrumb":{"@id":"https:\/\/www.casalaganania.es\/de\/lage\/#breadcrumb"},"inLanguage":"de","potentialAction":[{"@type":"ReadAction","target":["https:\/\/www.casalaganania.es\/de\/lage\/"]}]},{"@type":"ImageObject","inLanguage":"de","@id":"https:\/\/www.casalaganania.es\/de\/lage\/#primaryimage","url":"https:\/\/www.casalaganania.es\/wp\/wp-content\/uploads\/2025\/10\/los-realejos-819x1024.jpg","contentUrl":"https:\/\/www.casalaganania.es\/wp\/wp-content\/uploads\/2025\/10\/los-realejos-819x1024.jpg"},{"@type":"BreadcrumbList","@id":"https:\/\/www.casalaganania.es\/de\/lage\/#breadcrumb","itemListElement":[{"@type":"ListItem","position":1,"name":"Portada","item":"https:\/\/www.casalaganania.es\/de\/startseite\/"},{"@type":"ListItem","position":2,"name":"Lage"}]},{"@type":"WebSite","@id":"https:\/\/www.casalaganania.es\/#website","url":"https:\/\/www.casalaganania.es\/","name":"La Ga\u00f1an\u00eda Casa Rural","description":"Los Realejos, Tenerife","publisher":{"@id":"https:\/\/www.casalaganania.es\/#organization"},"potentialAction":[{"@type":"SearchAction","target":{"@type":"EntryPoint","urlTemplate":"https:\/\/www.casalaganania.es\/?s={search_term_string}"},"query-input":{"@type":"PropertyValueSpecification","valueRequired":true,"valueName":"search_term_string"}}],"inLanguage":"de"},{"@type":"Organization","@id":"https:\/\/www.casalaganania.es\/#organization","name":"La Ga\u00f1an\u00eda Casa Rural","url":"https:\/\/www.casalaganania.es\/","logo":{"@type":"ImageObject","inLanguage":"de","@id":"https:\/\/www.casalaganania.es\/#\/schema\/logo\/image\/","url":"https:\/\/www.casalaganania.es\/wp\/wp-content\/uploads\/2025\/10\/Recurso-21.png","contentUrl":"https:\/\/www.casalaganania.es\/wp\/wp-content\/uploads\/2025\/10\/Recurso-21.png","width":817,"height":525,"caption":"La Ga\u00f1an\u00eda Casa Rural "},"image":{"@id":"https:\/\/www.casalaganania.es\/#\/schema\/logo\/image\/"}}]}},"_links":{"self":[{"href":"https:\/\/www.casalaganania.es\/de\/wp-json\/wp\/v2\/pages\/4794","targetHints":{"allow":["GET"]}}],"collection":[{"href":"https:\/\/www.casalaganania.es\/de\/wp-json\/wp\/v2\/pages"}],"about":[{"href":"https:\/\/www.casalaganania.es\/de\/wp-json\/wp\/v2\/types\/page"}],"author":[{"embeddable":true,"href":"https:\/\/www.casalaganania.es\/de\/wp-json\/wp\/v2\/users\/1"}],"replies":[{"embeddable":true,"href":"https:\/\/www.casalaganania.es\/de\/wp-json\/wp\/v2\/comments?post=4794"}],"version-history":[{"count":1,"href":"https:\/\/www.casalaganania.es\/de\/wp-json\/wp\/v2\/pages\/4794\/revisions"}],"predecessor-version":[{"id":4821,"href":"https:\/\/www.casalaganania.es\/de\/wp-json\/wp\/v2\/pages\/4794\/revisions\/4821"}],"wp:attachment":[{"href":"https:\/\/www.casalaganania.es\/de\/wp-json\/wp\/v2\/media?parent=4794"}],"curies":[{"name":"wp","href":"https:\/\/api.w.org\/{rel}","templated":true}]}}